{"id":2288,"date":"2025-08-18T20:40:40","date_gmt":"2025-08-18T20:40:40","guid":{"rendered":"https:\/\/peters.marketing\/over-mij\/tom-peters\/"},"modified":"2025-08-20T23:05:47","modified_gmt":"2025-08-20T23:05:47","slug":"tom-peters","status":"publish","type":"page","link":"https:\/\/peters.marketing\/nl\/over-mij\/tom-peters\/","title":{"rendered":"Tom Peters"},"content":{"rendered":"\t\t<div data-elementor-type=\"wp-page\" data-elementor-id=\"2288\" class=\"elementor elementor-2288 elementor-1819\" data-elementor-post-type=\"page\">\n\t\t\t\t<div class=\"elementor-element elementor-element-3641601 e-flex e-con-boxed wpr-particle-no wpr-jarallax-no wpr-parallax-no wpr-sticky-section-no e-con e-parent\" data-id=\"3641601\" data-element_type=\"container\">\n\t\t\t\t\t<div class=\"e-con-inner\">\n\t\t\t\t<div class=\"elementor-element elementor-element-44e1b11 elementor-widget elementor-widget-html\" data-id=\"44e1b11\" data-element_type=\"widget\" data-widget_type=\"html.default\">\n\t\t\t\t\t<script type=\"application\/ld+json\">\r\n{\r\n  \"@context\": \"https:\/\/schema.org\",\r\n  \"@type\": \"Person\",\r\n  \"@id\": \"https:\/\/peters.marketing\/ueber-mich\/tom-peters\/#person\",\r\n  \"name\": \"Tom Peters\",\r\n  \"jobTitle\": \"Kommunikationsprofi\",\r\n  \"description\": \"Kommunikationsprofi mit Wurzeln in Grafikdesign und Video-Editing. Von Texturepacks und E-Sports \u00fcber die Gestaltungsschule bis zum Studium International Communication (UAS Hanze) \u2013 heute Experte f\u00fcr Kommunikation, Design & Marketing mit langj\u00e4hriger Praxis im Immobilien- und Unternehmensumfeld.\",\r\n  \"url\": \"https:\/\/peters.marketing\/ueber-mich\/tom-peters\/\",\r\n  \"image\": \"https:\/\/peters.marketing\/<<<dein-profilfoto-dateiname>>>.jpg\",\r\n  \"mainEntityOfPage\": {\r\n    \"@type\": \"WebPage\",\r\n    \"@id\": \"https:\/\/peters.marketing\/ueber-mich\/tom-peters\/\"\r\n  },\r\n  \"address\": {\r\n    \"@type\": \"PostalAddress\",\r\n    \"addressLocality\": \"Bad Zwischenahn\",\r\n    \"addressCountry\": \"DE\"\r\n  },\r\n  \"alumniOf\": [\r\n    { \"@type\": \"EducationalOrganization\", \"name\": \"BZTG Oldenburg\" },\r\n    { \"@type\": \"CollegeOrUniversity\", \"name\": \"Hanze University of Applied Sciences (UAS Hanze), Groningen\" }\r\n  ],\r\n  \"worksFor\": {\r\n    \"@type\": \"Organization\",\r\n    \"name\": \"peters.marketing\",\r\n    \"url\": \"https:\/\/peters.marketing\"\r\n  },\r\n  \"hasOccupation\": {\r\n    \"@type\": \"Occupation\",\r\n    \"name\": \"Kommunikation & Design \/ Marketing\"\r\n  },\r\n  \"sameAs\": [\r\n    \"https:\/\/www.linkedin.com\/in\/tom-peters-com\/\",\r\n    \"https:\/\/www.instagram.com\/tomycus\/\",\r\n    \"https:\/\/www.youtube.com\/@tomtwo222\",\r\n    \"https:\/\/uplengen.ratsinfomanagement.net\/personen\/?__=UGhVM0hpd2NXNFdFcExjZXcR8-v-9O_BWHXTUgYFSh0\",\r\n    \"https:\/\/www.facebook.com\/photo.php?fbid=3431325060259228&id=513447452047018&set=a.907706135954479\",\r\n    \"https:\/\/issuu.com\/druckdesign\/docs\/blattje_nr._135_ausgabe_m_rz_april_2025\"\r\n  ],\r\n  \"knowsAbout\": [\r\n    \"Internationale Kommunikation\",\r\n    \"Interkulturelle Kompetenz\",\r\n    \"Inklusion\",\r\n    \"Diversit\u00e4tsf\u00f6rderung\",\r\n    \"Kommunikationsstrategie\",\r\n    \"Grafikdesign\",\r\n    \"Webdesign\",\r\n    \"Branding\",\r\n    \"Marketing\",\r\n    \"Public Relations\",\r\n    \"Video-Editing\",\r\n    \"Content-Strategie\",\r\n    \"Immobilienmarketing\",\r\n    \"SEO\",\r\n    \"Neuropsychologie\",\r\n    \"Verkaufspsychologie\"\r\n  ],\r\n  \"notableWork\": [\r\n    \"\u00d6ffentliche Texturepacks (~32.000 Downloads)\",\r\n    \"E-Sports\/Turniererfahrung in Europa\",\r\n    \"Kommunikation & Marketing im Familienunternehmen (Immobilien)\"\r\n  ]\r\n}\r\n<\/script><br>\t\t\t\t<\/div>\n\t\t\t\t\t<\/div>\n\t\t\t\t<\/div>\n\t\t<div class=\"elementor-element elementor-element-aae7284 e-flex e-con-boxed wpr-particle-no wpr-jarallax-no wpr-parallax-no wpr-sticky-section-no e-con e-parent\" data-id=\"aae7284\" data-element_type=\"container\">\n\t\t\t\t\t<div class=\"e-con-inner\">\n\t\t\t\t<div class=\"elementor-element elementor-element-1046d74 elementor-widget elementor-widget-spacer\" data-id=\"1046d74\" data-element_type=\"widget\" data-widget_type=\"spacer.default\">\n\t\t\t\t\t\t\t<div class=\"elementor-spacer\">\n\t\t\t<div class=\"elementor-spacer-inner\"><\/div>\n\t\t<\/div>\n\t\t\t\t\t\t<\/div>\n\t\t\t\t\t<\/div>\n\t\t\t\t<\/div>\n\t\t<div class=\"elementor-element elementor-element-e232e70 e-flex e-con-boxed wpr-particle-no wpr-jarallax-no wpr-parallax-no wpr-sticky-section-no e-con e-parent\" data-id=\"e232e70\" data-element_type=\"container\">\n\t\t\t\t\t<div class=\"e-con-inner\">\n\t\t\t\t<div class=\"elementor-element elementor-element-ffb765a elementor-headline--style-highlight elementor-widget elementor-widget-animated-headline\" data-id=\"ffb765a\" data-element_type=\"widget\" data-settings=\"{&quot;marker&quot;:&quot;double_underline&quot;,&quot;highlighted_text&quot;:&quot;Tom Peters&quot;,&quot;headline_style&quot;:&quot;highlight&quot;,&quot;highlight_animation_duration&quot;:1200}\" data-widget_type=\"animated-headline.default\">\n\t\t\t\t\t\t\t<h1 class=\"elementor-headline\">\n\t\t\t\t<span class=\"elementor-headline-dynamic-wrapper elementor-headline-text-wrapper\">\n\t\t\t\t\t<span class=\"elementor-headline-dynamic-text elementor-headline-text-active\">Tom Peters<\/span>\n\t\t\t\t<\/span>\n\t\t\t\t\t<span class=\"elementor-headline-plain-text elementor-headline-text-wrapper\">\u2013 Communicatie &amp; Design: Mijn Pad<\/span>\n\t\t\t\t\t<\/h1>\n\t\t\t\t\t\t<\/div>\n\t\t\t\t<div class=\"elementor-element elementor-element-8ad7f9a elementor-widget elementor-widget-text-editor\" data-id=\"8ad7f9a\" data-element_type=\"widget\" data-widget_type=\"text-editor.default\">\n\t\t\t\t\t\t\t\t\tHallo, ik ben Tom Peters \u2013 communicatie en design zijn niet alleen mijn beroep, ze vormen mijn pad.<br>Vanaf mijn eerste stappen in grafisch ontwerp en videobewerking als tiener tot mijn studie Internationale Communicatie in Groningen ben ik gevormd door een passie voor design, taal en mensen. Vandaag de dag combineer ik creatieve idee\u00ebn met een heldere strategie om merken, projecten en verhalen zichtbaar te maken.<br><br>Deze pagina vertelt mijn verhaal: hoe videogames de eerste texture packs werden, hoe discipline in het dagelijks leven en internationale ervaringen mijn perspectief verruimden \u2013 en hoe ik leerde communicatie en design niet alleen als werk te zien, maar ook als een mindset.\t\t\t\t\t\t\t\t<\/div>\n\t\t\t\t\t<\/div>\n\t\t\t\t<\/div>\n\t\t<div class=\"elementor-element elementor-element-1c18123 e-flex e-con-boxed wpr-particle-no wpr-jarallax-no wpr-parallax-no wpr-sticky-section-no e-con e-parent\" data-id=\"1c18123\" data-element_type=\"container\">\n\t\t\t\t\t<div class=\"e-con-inner\">\n\t\t\t\t<div class=\"elementor-element elementor-element-f27d879 elementor-widget elementor-widget-spacer\" data-id=\"f27d879\" data-element_type=\"widget\" data-widget_type=\"spacer.default\">\n\t\t\t\t\t\t\t<div class=\"elementor-spacer\">\n\t\t\t<div class=\"elementor-spacer-inner\"><\/div>\n\t\t<\/div>\n\t\t\t\t\t\t<\/div>\n\t\t\t\t\t<\/div>\n\t\t\t\t<\/div>\n\t\t<div class=\"elementor-element elementor-element-e7dff31 e-flex e-con-boxed wpr-particle-no wpr-jarallax-no wpr-parallax-no wpr-sticky-section-no e-con e-parent\" data-id=\"e7dff31\" data-element_type=\"container\">\n\t\t\t\t\t<div class=\"e-con-inner\">\n\t\t\t\t<div class=\"elementor-element elementor-element-ce0adf5 elementor-widget elementor-widget-heading\" data-id=\"ce0adf5\" data-element_type=\"widget\" data-widget_type=\"heading.default\">\n\t\t\t\t\t<h2 class=\"elementor-heading-title elementor-size-default\">Vroege jaren: van videogames tot grafisch ontwerp<\/h2>\t\t\t\t<\/div>\n\t\t\t\t\t<\/div>\n\t\t\t\t<\/div>\n\t\t<div class=\"elementor-element elementor-element-04e62ea e-flex e-con-boxed wpr-particle-no wpr-jarallax-no wpr-parallax-no wpr-sticky-section-no e-con e-parent\" data-id=\"04e62ea\" data-element_type=\"container\">\n\t\t\t\t\t<div class=\"e-con-inner\">\n\t\t<div class=\"elementor-element elementor-element-976f661 e-con-full e-flex wpr-particle-no wpr-jarallax-no wpr-parallax-no wpr-sticky-section-no e-con e-child\" data-id=\"976f661\" data-element_type=\"container\">\n\t\t\t\t<div class=\"elementor-element elementor-element-4879c46 elementor-widget elementor-widget-html\" data-id=\"4879c46\" data-element_type=\"widget\" data-widget_type=\"html.default\">\n\t\t\t\t\t<div id=\"minigame-wrap\" style=\"max-width:600px;margin:24px auto;\">\r\n  <canvas id=\"game\" width=\"600\" height=\"360\" style=\"width:100%;height:auto;border:1px solid #e5e7eb;border-radius:12px;display:block;\"><\/canvas>\r\n  <div style=\"font:14px\/1.4 system-ui,Segoe UI,Roboto,Arial;margin-top:8px;opacity:.8;\">\r\n    Steuere mit \u2190 \u2192 (oder per Touch) und weiche den Bl\u00f6cken aus. Punkte = \u00dcberlebenszeit.\r\n  <\/div><br><\/div><br><br><script>\r\n(()=>{ \r\n  const c=document.getElementById('game'),x=c.getContext('2d');\r\n  let w=c.width,h=c.height, t=0, running=true, score=0, best=0;\r\n  const player={x:w\/2,y:h-40,w:40,h:12,s:5,dx:0};\r\n  let obstacles=[];\r\n  function rnd(a,b){return Math.random()*(b-a)+a}\r\n  function reset(){\r\n    obstacles=[]; t=0; score=0; player.x=w\/2; running=true;\r\n  }\r\n  function spawn(){\r\n    const ew=rnd(40,100), ex=rnd(0,w-ew), speed=rnd(2,5);\r\n    obstacles.push({x:ex,y:-20,w:ew,h:12,v:speed});\r\n  }\r\n  function step(){\r\n    if(!running) return;\r\n    t++; if(t%30===0) spawn();\r\n    \/\/ input\r\n    player.x+=player.dx*player.s;\r\n    player.x=Math.max(0,Math.min(w-player.w,player.x));\r\n    \/\/ move obstacles\r\n    obstacles.forEach(o=>o.y+=o.v);\r\n    obstacles=obstacles.filter(o=>o.y<h+20);\r\n    \/\/ collision\r\n    for(const o of obstacles){\r\n      if(o.x<player.x+player.w && o.x+o.w>player.x && o.y<player.y+player.h && o.y+o.h>player.y){\r\n        running=false; best=Math.max(best,Math.floor(score));\r\n        break;\r\n      }\r\n    }\r\n    \/\/ score\r\n    score+=0.05;\r\n    \/\/ draw\r\n    x.clearRect(0,0,w,h);\r\n    \/\/ background grid\r\n    x.globalAlpha=0.08; x.fillStyle=\"#000\";\r\n    for(let i=0;i<w;i+=30){x.fillRect(i,0,1,h)}\r\n    for(let j=0;j<h;j+=30){x.fillRect(0,j,w,1)}\r\n    x.globalAlpha=1;\r\n    \/\/ player\r\n    x.fillStyle=\"#3D73FF\"; x.fillRect(player.x,player.y,player.w,player.h);\r\n    \/\/ obstacles\r\n    x.fillStyle=\"#111\"; obstacles.forEach(o=>x.fillRect(o.x,o.y,o.w,o.h));\r\n    \/\/ hud\r\n    x.fillStyle=\"#111\"; x.font=\"16px system-ui,Segoe UI,Roboto,Arial\";\r\n    x.fillText(\"Score: \"+Math.floor(score),12,22);\r\n    x.fillText(\"Best: \"+best, w-100,22);\r\n    if(!running){\r\n      x.fillStyle=\"rgba(0,0,0,.6)\"; x.fillRect(0,0,w,h);\r\n      x.fillStyle=\"#fff\"; x.font=\"20px system-ui,Segoe UI,Roboto,Arial\"; x.textAlign=\"center\";\r\n      x.fillText(\"Game Over \u2014 Score: \"+Math.floor(score), w\/2, h\/2-10);\r\n      x.fillText(\"Klick\/Touch zum Neustart\", w\/2, h\/2+20);\r\n      x.textAlign=\"left\";\r\n    }\r\n    requestAnimationFrame(step);\r\n  }\r\n  \/\/ input\r\n  addEventListener('keydown',e=>{ if(e.key===\"ArrowLeft\")player.dx=-1; if(e.key===\"ArrowRight\")player.dx=1; if(!running){reset(); step();}});\r\n  addEventListener('keyup',e=>{ if([\"ArrowLeft\",\"ArrowRight\"].includes(e.key))player.dx=0; });\r\n  \/\/ touch\r\n  c.addEventListener('touchstart',e=>{ const x0=e.touches[0].clientX; const rect=c.getBoundingClientRect(); player.dx=((x0-rect.left)<rect.width\/2)?-1:1; if(!running){reset(); step();}});\r\n  c.addEventListener('touchend',()=>player.dx=0);\r\n  \/\/ start\r\n  step();\r\n})();\r\n<\/script><br>\t\t\t\t<\/div>\n\t\t\t\t<\/div>\n\t\t<div class=\"elementor-element elementor-element-526b232 e-con-full e-flex wpr-particle-no wpr-jarallax-no wpr-parallax-no wpr-sticky-section-no e-con e-child\" data-id=\"526b232\" data-element_type=\"container\">\n\t\t\t\t<div class=\"elementor-element elementor-element-79216af elementor-widget elementor-widget-text-editor\" data-id=\"79216af\" data-element_type=\"widget\" data-widget_type=\"text-editor.default\">\n\t\t\t\t\t\t\t\t\tMijn creatieve reis begon in mijn jeugd. Via videogames zoals Minecraft ontdekte ik mijn passie voor digitaal design. Om virtuele werelden mooier en persoonlijker te maken, ontwikkelde ik mijn eigen texture packs, die tot nu toe meer dan 32.000 keer zijn gedownload.<br><br>Tegelijkertijd lanceerde ik mijn eerste YouTube-kanaal, waar ik mijn passie voor videobewerking en filmparafrasering ontdekte: storytelling door middel van muziek gecombineerd met gecondenseerde filmfragmenten. Mijn meest succesvolle project \u2013 een muziekbewerking van &#8220;Where is my Mind?&#8221; met meer dan 50.000 views en meer dan 800 likes \u2013 werd een keerpunt voor mij.<br><br>Deze vroege ervaringen in grafisch ontwerp, storytelling en editing legden de basis voor mijn huidige pad bij Tom Peters Communication &amp; Design. Hoewel ik geen traditionele illustrator was, vond ik mijn expressie via digitale tools \u2013 en leerde ik hoe visueel ontwerp, muziek en emotie een krachtige taal kunnen cre\u00ebren.\t\t\t\t\t\t\t\t<\/div>\n\t\t\t\t<\/div>\n\t\t\t\t\t<\/div>\n\t\t\t\t<\/div>\n\t\t<div class=\"elementor-element elementor-element-52d1d9b e-flex e-con-boxed wpr-particle-no wpr-jarallax-no wpr-parallax-no wpr-sticky-section-no e-con e-parent\" data-id=\"52d1d9b\" data-element_type=\"container\">\n\t\t\t\t\t<div class=\"e-con-inner\">\n\t\t\t\t<div class=\"elementor-element elementor-element-5a7deeb elementor-widget elementor-widget-spacer\" data-id=\"5a7deeb\" data-element_type=\"widget\" data-widget_type=\"spacer.default\">\n\t\t\t\t\t\t\t<div class=\"elementor-spacer\">\n\t\t\t<div class=\"elementor-spacer-inner\"><\/div>\n\t\t<\/div>\n\t\t\t\t\t\t<\/div>\n\t\t\t\t\t<\/div>\n\t\t\t\t<\/div>\n\t\t<div class=\"elementor-element elementor-element-68b82f4 e-flex e-con-boxed wpr-particle-no wpr-jarallax-no wpr-parallax-no wpr-sticky-section-no e-con e-parent\" data-id=\"68b82f4\" data-element_type=\"container\">\n\t\t\t\t\t<div class=\"e-con-inner\">\n\t\t\t\t<div class=\"elementor-element elementor-element-60bc724 elementor-widget elementor-widget-heading\" data-id=\"60bc724\" data-element_type=\"widget\" data-widget_type=\"heading.default\">\n\t\t\t\t\t<h2 class=\"elementor-heading-title elementor-size-default\">Opleiding en examen: BZTG Oldenburg en de sprong voorwaarts<\/h2>\t\t\t\t<\/div>\n\t\t\t\t\t<\/div>\n\t\t\t\t<\/div>\n\t\t<div class=\"elementor-element elementor-element-49d4475 e-flex e-con-boxed wpr-particle-no wpr-jarallax-no wpr-parallax-no wpr-sticky-section-no e-con e-parent\" data-id=\"49d4475\" data-element_type=\"container\">\n\t\t\t\t\t<div class=\"e-con-inner\">\n\t\t\t\t<div class=\"elementor-element elementor-element-0882ac2 elementor-widget elementor-widget-text-editor\" data-id=\"0882ac2\" data-element_type=\"widget\" data-widget_type=\"text-editor.default\">\n\t\t\t\t\t\t\t\t\tMijn professionele carri\u00e8re begon in een technische richting: ik begon aan een opleiding tot mediatechnologisch printspecialist bij de BZTG Oldenburg, omdat ik de basisprincipes van communicatie en design niet alleen theoretisch maar ook praktisch wilde begrijpen \u2013 van papier en inkt tot printprocessen.<br><br>Een ernstige blessure tijdens een sportwedstrijd op school dwong me echter mijn opleiding vroegtijdig te be\u00ebindigen. In plaats van dit als een tegenslag te zien, greep ik de kans aan om een nieuwe start te maken. Met een uitzonderlijk digitaal portfolio dat mijn vroege werk in design en videobewerking liet zien, wist ik indruk te maken op de mensen die verantwoordelijk waren voor de BZTG-designschool.<br><br>Het examen was succesvol: ik mocht de 11e klas overslaan en direct doorstromen naar de 12e klas. Deze stap markeerde niet alleen het behalen van mijn VMBO-diploma (Fachabitur), maar ook de overgang van mijn eerste creatieve projecten naar een duidelijke, professionele richting in communicatie en design.\t\t\t\t\t\t\t\t<\/div>\n\t\t\t\t\t<\/div>\n\t\t\t\t<\/div>\n\t\t<div class=\"elementor-element elementor-element-f333a33 e-flex e-con-boxed wpr-particle-no wpr-jarallax-no wpr-parallax-no wpr-sticky-section-no e-con e-parent\" data-id=\"f333a33\" data-element_type=\"container\">\n\t\t\t\t\t<div class=\"e-con-inner\">\n\t\t\t\t<div class=\"elementor-element elementor-element-27883ee elementor-widget elementor-widget-spacer\" data-id=\"27883ee\" data-element_type=\"widget\" data-widget_type=\"spacer.default\">\n\t\t\t\t\t\t\t<div class=\"elementor-spacer\">\n\t\t\t<div class=\"elementor-spacer-inner\"><\/div>\n\t\t<\/div>\n\t\t\t\t\t\t<\/div>\n\t\t\t\t\t<\/div>\n\t\t\t\t<\/div>\n\t\t<div class=\"elementor-element elementor-element-ef91b6b e-flex e-con-boxed wpr-particle-no wpr-jarallax-no wpr-parallax-no wpr-sticky-section-no e-con e-parent\" data-id=\"ef91b6b\" data-element_type=\"container\">\n\t\t\t\t\t<div class=\"e-con-inner\">\n\t\t\t\t<div class=\"elementor-element elementor-element-0ed9273 elementor-widget elementor-widget-heading\" data-id=\"0ed9273\" data-element_type=\"widget\" data-widget_type=\"heading.default\">\n\t\t\t\t\t<h2 class=\"elementor-heading-title elementor-size-default\">Werken &amp; Aan het werk: DPD, Deutsche Post &amp; Duidelijkheid van Doelen<\/h2>\t\t\t\t<\/div>\n\t\t\t\t\t<\/div>\n\t\t\t\t<\/div>\n\t\t<div class=\"elementor-element elementor-element-6b8b1b1 e-flex e-con-boxed wpr-particle-no wpr-jarallax-no wpr-parallax-no wpr-sticky-section-no e-con e-parent\" data-id=\"6b8b1b1\" data-element_type=\"container\">\n\t\t\t\t\t<div class=\"e-con-inner\">\n\t\t\t\t<div class=\"elementor-element elementor-element-cc201c6 elementor-widget elementor-widget-text-editor\" data-id=\"cc201c6\" data-element_type=\"widget\" data-widget_type=\"text-editor.default\">\n\t\t\t\t\t\t\t\t\tOm mijn opleiding en later mijn weg naar de designschool te bekostigen, stortte ik me al op jonge leeftijd op de arbeidsmarkt. &#8217;s Middags werkte ik in het magazijn van DPD, waar ik containers laadde en fysiek zware taken uitvoerde in teamverband. In het weekend werkte ik ook als invaller voor Deutsche Post, waar ik post bezorgde in mijn regio.<br><br>Om mijn verdere opleiding te bekostigen en tegelijkertijd mijn gezondheid te herstellen, nam ik al vroeg verschillende parttime banen aan. Na een ernstige blessure waarbij ik mijn been verbrijzelde, gebruikte ik mijn werk bewust als een vorm van fysiotherapie:<br><br>&#8217;s Middags in het magazijn van DPD versterkte ik mijn bovenlichaam door containers te tillen en te laden. In het weekend werkte ik als invaller voor Deutsche Post, waar het dagelijkse lopen en dragen hielp om geleidelijk de kracht en stabiliteit in mijn been te herstellen.<br><br>Deze fase was fysiek zwaar, maar het leerde me iets dat nog steeds mijn basis vormt: discipline, een helder doel en een goede werkhouding. Ook al lijkt het op het eerste gezicht ver af te staan van Tom Peters Communication &amp; Design, deze ervaringen hebben de basis gelegd voor mijn instelling als communicatieprofessional: doorzettingsvermogen, structuur en het vermogen om tegenslagen om te zetten in kracht.\t\t\t\t\t\t\t\t<\/div>\n\t\t\t\t\t<\/div>\n\t\t\t\t<\/div>\n\t\t<div class=\"elementor-element elementor-element-da3c7b7 e-flex e-con-boxed wpr-particle-no wpr-jarallax-no wpr-parallax-no wpr-sticky-section-no e-con e-parent\" data-id=\"da3c7b7\" data-element_type=\"container\">\n\t\t\t\t\t<div class=\"e-con-inner\">\n\t\t\t\t<div class=\"elementor-element elementor-element-b7fb1b2 elementor-widget elementor-widget-spacer\" data-id=\"b7fb1b2\" data-element_type=\"widget\" data-widget_type=\"spacer.default\">\n\t\t\t\t\t\t\t<div class=\"elementor-spacer\">\n\t\t\t<div class=\"elementor-spacer-inner\"><\/div>\n\t\t<\/div>\n\t\t\t\t\t\t<\/div>\n\t\t\t\t\t<\/div>\n\t\t\t\t<\/div>\n\t\t<div class=\"elementor-element elementor-element-b581c52 e-flex e-con-boxed wpr-particle-no wpr-jarallax-no wpr-parallax-no wpr-sticky-section-no e-con e-parent\" data-id=\"b581c52\" data-element_type=\"container\">\n\t\t\t\t\t<div class=\"e-con-inner\">\n\t\t\t\t<div class=\"elementor-element elementor-element-b90447a elementor-widget elementor-widget-heading\" data-id=\"b90447a\" data-element_type=\"widget\" data-widget_type=\"heading.default\">\n\t\t\t\t\t<h2 class=\"elementor-heading-title elementor-size-default\">Wereldreis &amp; verandering van perspectief<\/h2>\t\t\t\t<\/div>\n\t\t\t\t\t<\/div>\n\t\t\t\t<\/div>\n\t\t<div class=\"elementor-element elementor-element-d35dd46 e-flex e-con-boxed wpr-particle-no wpr-jarallax-no wpr-parallax-no wpr-sticky-section-no e-con e-parent\" data-id=\"d35dd46\" data-element_type=\"container\">\n\t\t\t\t\t<div class=\"e-con-inner\">\n\t\t\t\t<div class=\"elementor-element elementor-element-87a5ea3 elementor-widget elementor-widget-text-editor\" data-id=\"87a5ea3\" data-element_type=\"widget\" data-widget_type=\"text-editor.default\">\n\t\t\t\t\t\t\t\t\tNa mijn tijd aan de BZTG Oldenburg wist ik al dat mijn doel Internationale Communicatie zou zijn. Voordat ik hieraan begon, wilde ik de wereld echter eerst zelf ervaren \u2013 door ontmoetingen, culturen en directe interactie met mensen.<br><br>Dus begon ik mijn reis vanuit Duitsland, via Belgi\u00eb, Nederland, Engeland, Schotland en Denemarken, naar Tsjechi\u00eb, Slowakije, Hongarije, Servi\u00eb, Montenegro, Albani\u00eb en Griekenland. Vervolgens reisde ik door naar Azi\u00eb \u2013 naar de Filipijnen, Korea, Nepal en Japan. Elke stop bracht nieuwe indrukken, nieuwe contacten en een dieper begrip van de verschillende manieren waarop communicatie en cultuur worden beleefd.\t\t\t\t\t\t\t\t<\/div>\n\t\t\t\t<div class=\"elementor-element elementor-element-1f665cc elementor-widget elementor-widget-text-editor\" data-id=\"1f665cc\" data-element_type=\"widget\" data-widget_type=\"text-editor.default\">\n\t\t\t\t\t\t\t\t\tDe COVID-19-pandemie maakte abrupt een einde aan mijn oorspronkelijk geplande route door Amerika en Afrika. Deze abrupte stop versterkte echter mijn vastberadenheid om mijn interculturele ervaringen te verdiepen, niet alleen door te reizen, maar ook academisch en professioneel. Vandaag de dag heb ik door verder reizen de grens van meer dan 40 landen overschreden \u2013 en ik heb nog steeds het gevoel dat ik veel in te halen heb, vooral in de regio&#8217;s die ik destijds niet kon bereiken.<br><br>Deze ervaringen waren niet zomaar avonturen, maar een praktische training in internationale en interculturele communicatie. Ze legden de basis voor mijn latere specialisatie, die door de universiteit als mijn sterkste competentie werd beschouwd: internationale communicatie, inclusie en diversiteitsbevordering, en het vermogen om culturen te faciliteren, te vertalen en samen te brengen.\t\t\t\t\t\t\t\t<\/div>\n\t\t\t\t<div class=\"elementor-element elementor-element-40c66c3 elementor-align-left elementor-widget elementor-widget-button\" data-id=\"40c66c3\" data-element_type=\"widget\" data-widget_type=\"button.default\">\n\t\t\t\t\t\t\t\t\t\t<a class=\"elementor-button elementor-button-link elementor-size-sm elementor-animation-grow\" href=\"\">\n\t\t\t\t\t\t<span class=\"elementor-button-content-wrapper\">\n\t\t\t\t\t\t<span class=\"elementor-button-icon\">\n\t\t\t\t<svg aria-hidden=\"true\" class=\"e-font-icon-svg e-far-arrow-alt-circle-right\" viewBox=\"0 0 512 512\" xmlns=\"http:\/\/www.w3.org\/2000\/svg\"><path d=\"M504 256C504 119 393 8 256 8S8 119 8 256s111 248 248 248 248-111 248-248zm-448 0c0-110.5 89.5-200 200-200s200 89.5 200 200-89.5 200-200 200S56 366.5 56 256zm72 20v-40c0-6.6 5.4-12 12-12h116v-67c0-10.7 12.9-16 20.5-8.5l99 99c4.7 4.7 4.7 12.3 0 17l-99 99c-7.6 7.6-20.5 2.2-20.5-8.5v-67H140c-6.6 0-12-5.4-12-12z\"><\/path><\/svg>\t\t\t<\/span>\n\t\t\t\t\t\t\t\t\t<span class=\"elementor-button-text\">Lees meer over een gast van Tom Peters in Uplengen<\/span>\n\t\t\t\t\t<\/span>\n\t\t\t\t\t<\/a>\n\t\t\t\t\t\t\t\t<\/div>\n\t\t\t\t\t<\/div>\n\t\t\t\t<\/div>\n\t\t<div class=\"elementor-element elementor-element-4fd3c0f e-flex e-con-boxed wpr-particle-no wpr-jarallax-no wpr-parallax-no wpr-sticky-section-no e-con e-parent\" data-id=\"4fd3c0f\" data-element_type=\"container\">\n\t\t\t\t\t<div class=\"e-con-inner\">\n\t\t\t\t<div class=\"elementor-element elementor-element-f127aa5 elementor-widget elementor-widget-spacer\" data-id=\"f127aa5\" data-element_type=\"widget\" data-widget_type=\"spacer.default\">\n\t\t\t\t\t\t\t<div class=\"elementor-spacer\">\n\t\t\t<div class=\"elementor-spacer-inner\"><\/div>\n\t\t<\/div>\n\t\t\t\t\t\t<\/div>\n\t\t\t\t\t<\/div>\n\t\t\t\t<\/div>\n\t\t<div class=\"elementor-element elementor-element-40bec2a e-flex e-con-boxed wpr-particle-no wpr-jarallax-no wpr-parallax-no wpr-sticky-section-no e-con e-parent\" data-id=\"40bec2a\" data-element_type=\"container\">\n\t\t\t\t\t<div class=\"e-con-inner\">\n\t\t\t\t<div class=\"elementor-element elementor-element-b90781c elementor-widget elementor-widget-heading\" data-id=\"b90781c\" data-element_type=\"widget\" data-widget_type=\"heading.default\">\n\t\t\t\t\t<h2 class=\"elementor-heading-title elementor-size-default\">Studies &amp; Verantwoordelijkheden: Internationale Communicatie (Hanzehogeschool)<\/h2>\t\t\t\t<\/div>\n\t\t\t\t\t<\/div>\n\t\t\t\t<\/div>\n\t\t<div class=\"elementor-element elementor-element-7916a91 e-flex e-con-boxed wpr-particle-no wpr-jarallax-no wpr-parallax-no wpr-sticky-section-no e-con e-parent\" data-id=\"7916a91\" data-element_type=\"container\">\n\t\t\t\t\t<div class=\"e-con-inner\">\n\t\t<div class=\"elementor-element elementor-element-eec6549 e-con-full e-flex wpr-particle-no wpr-jarallax-no wpr-parallax-no wpr-sticky-section-no e-con e-child\" data-id=\"eec6549\" data-element_type=\"container\">\n\t\t\t\t<div class=\"elementor-element elementor-element-073899d elementor-widget elementor-widget-text-editor\" data-id=\"073899d\" data-element_type=\"widget\" data-widget_type=\"text-editor.default\">\n\t\t\t\t\t\t\t\t\tNa terugkomst van mijn wereldreis begon ik aan de studie Internationale Communicatie aan de Hanzehogeschool Groningen. De opleiding richtte zich op interculturele competentie, internationale samenwerking en strategische communicatie \u2013 thema&#8217;s die al diep in mijn hart geworteld waren door mijn eigen reiservaringen. Al snel bleek mijn eerdere praktijkervaring een pr\u00e9: functioneringsgesprekken benadrukten met name mijn vermogen om inclusie, diversiteit en culturele verschillen te begrijpen, maar deze ook actief te faciliteren en te modereren.<br><br>Parallel aan mijn studie nam ik verantwoordelijkheid op me in mijn thuisregio. Ik raakte betrokken bij de lokale politiek en werd verkozen tot jongste raadslid in mijn gemeente. Al snel werd ik voorzitter van een commissie, waardoor ik mijn communicatie- en organisatievaardigheden in een echte politieke context kon toepassen.<br><br>De combinatie van academische vorming en praktische verantwoordelijkheid had een doorslaggevende invloed op mijn carri\u00e8re: enerzijds ontwikkelde ik een gedegen expertise in internationale communicatie, anderzijds leerde ik het belang van heldere taal, luistervaardigheid en bemiddeling in politieke en maatschappelijke processen. Deze ervaringen vormen nog steeds de basis van mijn werk in communicatie en design: strategisch, intercultureel gevoelig en tegelijkertijd praktisch.\t\t\t\t\t\t\t\t<\/div>\n\t\t\t\t<\/div>\n\t\t<div class=\"elementor-element elementor-element-c5478c1 e-con-full e-flex wpr-particle-no wpr-jarallax-no wpr-parallax-no wpr-sticky-section-no e-con e-child\" data-id=\"c5478c1\" data-element_type=\"container\">\n\t\t<div class=\"elementor-element elementor-element-c3e72cf e-con-full e-flex wpr-particle-no wpr-jarallax-no wpr-parallax-no wpr-sticky-section-no e-con e-child\" data-id=\"c3e72cf\" data-element_type=\"container\">\n\t\t\t\t<div class=\"elementor-element elementor-element-2b990a8 elementor-widget elementor-widget-spacer\" data-id=\"2b990a8\" data-element_type=\"widget\" data-widget_type=\"spacer.default\">\n\t\t\t\t\t\t\t<div class=\"elementor-spacer\">\n\t\t\t<div class=\"elementor-spacer-inner\"><\/div>\n\t\t<\/div>\n\t\t\t\t\t\t<\/div>\n\t\t\t\t<div class=\"elementor-element elementor-element-9e87877 elementor-widget elementor-widget-image\" data-id=\"9e87877\" data-element_type=\"widget\" data-widget_type=\"image.default\">\n\t\t\t\t\t\t\t\t\t\t\t\t\t\t\t<img fetchpriority=\"high\" decoding=\"async\" width=\"960\" height=\"640\" src=\"https:\/\/peters.marketing\/wp-content\/uploads\/2025\/08\/IMG_6996-1024x683.jpg\" class=\"elementor-animation-grow attachment-large size-large wp-image-2124\" alt=\"\" srcset=\"https:\/\/peters.marketing\/wp-content\/uploads\/2025\/08\/IMG_6996-1024x683.jpg 1024w, https:\/\/peters.marketing\/wp-content\/uploads\/2025\/08\/IMG_6996-300x200.jpg 300w, https:\/\/peters.marketing\/wp-content\/uploads\/2025\/08\/IMG_6996-768x512.jpg 768w, https:\/\/peters.marketing\/wp-content\/uploads\/2025\/08\/IMG_6996-1536x1024.jpg 1536w, https:\/\/peters.marketing\/wp-content\/uploads\/2025\/08\/IMG_6996-2048x1365.jpg 2048w\" sizes=\"(max-width: 960px) 100vw, 960px\" \/>\t\t\t\t\t\t\t\t\t\t\t\t\t\t\t<\/div>\n\t\t\t\t<\/div>\n\t\t<div class=\"elementor-element elementor-element-45becb3 e-con-full e-flex wpr-particle-no wpr-jarallax-no wpr-parallax-no wpr-sticky-section-no e-con e-child\" data-id=\"45becb3\" data-element_type=\"container\">\n\t\t\t\t<div class=\"elementor-element elementor-element-0e1c1e5 elementor-widget elementor-widget-spacer\" data-id=\"0e1c1e5\" data-element_type=\"widget\" data-widget_type=\"spacer.default\">\n\t\t\t\t\t\t\t<div class=\"elementor-spacer\">\n\t\t\t<div class=\"elementor-spacer-inner\"><\/div>\n\t\t<\/div>\n\t\t\t\t\t\t<\/div>\n\t\t\t\t<div class=\"elementor-element elementor-element-8e93d9e elementor-align-left elementor-widget elementor-widget-button\" data-id=\"8e93d9e\" data-element_type=\"widget\" data-widget_type=\"button.default\">\n\t\t\t\t\t\t\t\t\t\t<a class=\"elementor-button elementor-button-link elementor-size-sm elementor-animation-grow\" href=\"https:\/\/uplengen.ratsinfomanagement.net\/personen\/?__=UGhVM0hpd2NXNFdFcExjZXcR8-v-9O_BWHXTUgYFSh0\">\n\t\t\t\t\t\t<span class=\"elementor-button-content-wrapper\">\n\t\t\t\t\t\t<span class=\"elementor-button-icon\">\n\t\t\t\t<svg aria-hidden=\"true\" class=\"e-font-icon-svg e-far-arrow-alt-circle-right\" viewBox=\"0 0 512 512\" xmlns=\"http:\/\/www.w3.org\/2000\/svg\"><path d=\"M504 256C504 119 393 8 256 8S8 119 8 256s111 248 248 248 248-111 248-248zm-448 0c0-110.5 89.5-200 200-200s200 89.5 200 200-89.5 200-200 200S56 366.5 56 256zm72 20v-40c0-6.6 5.4-12 12-12h116v-67c0-10.7 12.9-16 20.5-8.5l99 99c4.7 4.7 4.7 12.3 0 17l-99 99c-7.6 7.6-20.5 2.2-20.5-8.5v-67H140c-6.6 0-12-5.4-12-12z\"><\/path><\/svg>\t\t\t<\/span>\n\t\t\t\t\t\t\t\t\t<span class=\"elementor-button-text\">Meer informatie over Tom Peters in Uplengen<\/span>\n\t\t\t\t\t<\/span>\n\t\t\t\t\t<\/a>\n\t\t\t\t\t\t\t\t<\/div>\n\t\t\t\t<\/div>\n\t\t\t\t<\/div>\n\t\t\t\t\t<\/div>\n\t\t\t\t<\/div>\n\t\t<div class=\"elementor-element elementor-element-d98fbb9 e-flex e-con-boxed wpr-particle-no wpr-jarallax-no wpr-parallax-no wpr-sticky-section-no e-con e-parent\" data-id=\"d98fbb9\" data-element_type=\"container\">\n\t\t\t\t\t<div class=\"e-con-inner\">\n\t\t\t\t<div class=\"elementor-element elementor-element-7027f66 elementor-widget elementor-widget-spacer\" data-id=\"7027f66\" data-element_type=\"widget\" data-widget_type=\"spacer.default\">\n\t\t\t\t\t\t\t<div class=\"elementor-spacer\">\n\t\t\t<div class=\"elementor-spacer-inner\"><\/div>\n\t\t<\/div>\n\t\t\t\t\t\t<\/div>\n\t\t\t\t\t<\/div>\n\t\t\t\t<\/div>\n\t\t<div class=\"elementor-element elementor-element-74ffab8 e-flex e-con-boxed wpr-particle-no wpr-jarallax-no wpr-parallax-no wpr-sticky-section-no e-con e-parent\" data-id=\"74ffab8\" data-element_type=\"container\">\n\t\t\t\t\t<div class=\"e-con-inner\">\n\t\t\t\t<div class=\"elementor-element elementor-element-3f50ce4 elementor-widget elementor-widget-heading\" data-id=\"3f50ce4\" data-element_type=\"widget\" data-widget_type=\"heading.default\">\n\t\t\t\t\t<h2 class=\"elementor-heading-title elementor-size-default\">Merkontwerp en psychologie: Tom Peters leert over geesten, markten en communicatie<\/h2>\t\t\t\t<\/div>\n\t\t\t\t\t<\/div>\n\t\t\t\t<\/div>\n\t\t<div class=\"elementor-element elementor-element-0dc691a e-flex e-con-boxed wpr-particle-no wpr-jarallax-no wpr-parallax-no wpr-sticky-section-no e-con e-parent\" data-id=\"0dc691a\" data-element_type=\"container\">\n\t\t\t\t\t<div class=\"e-con-inner\">\n\t\t\t\t<div class=\"elementor-element elementor-element-c83a8af elementor-widget elementor-widget-text-editor\" data-id=\"c83a8af\" data-element_type=\"widget\" data-widget_type=\"text-editor.default\">\n\t\t\t\t\t\t\t\t\tTijdens mijn studie aan de Hanzehogeschool besloot ik een minor in Brand Design en Psychologie te volgen. Deze combinatie opende een nieuw perspectief voor mij: niet alleen het visueel en strategisch ontwerpen van merken, maar ook het begrijpen van hun psychologische impact op mensen.<br><br>Ik was vooral gefascineerd door de neuropsychologie, waar ik mijn sterke punten ontdekte. Onder begeleiding van Erik Schoppen, een gerenommeerd expert in merk- en verkooppsychologie, verdiepte ik mijn kennis van crowdpsychologie en koop- en verkoopprocessen. Hier kon ik niet alleen theoretisch excelleren, maar ook met topprestaties aantonen hoe nauw communicatie, design en psychologie met elkaar verweven zijn.<br><br>Deze ervaringen hebben een blijvende impact gehad op mijn werk vandaag de dag: elk merk, elk project en elke communicatiestrategie is niet alleen een creatief construct, maar ook een psychologisch systeem dat gedrag, perceptie en beslissingen be\u00efnvloedt. De combinatie van brand design en psychologie blijft een van mijn belangrijkste hefbomen bij het ontwikkelen van effectieve communicatieoplossingen.\t\t\t\t\t\t\t\t<\/div>\n\t\t\t\t<div class=\"elementor-element elementor-element-9ad7a63 elementor-align-left elementor-widget elementor-widget-button\" data-id=\"9ad7a63\" data-element_type=\"widget\" data-widget_type=\"button.default\">\n\t\t\t\t\t\t\t\t\t\t<a class=\"elementor-button elementor-button-link elementor-size-sm elementor-animation-grow\" href=\"https:\/\/www.managementboek.nl\/boek\/9789043037013\/strategisch-merkenmanagement-met-mylab-nl-toegangscode-kevin-lane-keller\">\n\t\t\t\t\t\t<span class=\"elementor-button-content-wrapper\">\n\t\t\t\t\t\t<span class=\"elementor-button-icon\">\n\t\t\t\t<svg aria-hidden=\"true\" class=\"e-font-icon-svg e-far-arrow-alt-circle-right\" viewBox=\"0 0 512 512\" xmlns=\"http:\/\/www.w3.org\/2000\/svg\"><path d=\"M504 256C504 119 393 8 256 8S8 119 8 256s111 248 248 248 248-111 248-248zm-448 0c0-110.5 89.5-200 200-200s200 89.5 200 200-89.5 200-200 200S56 366.5 56 256zm72 20v-40c0-6.6 5.4-12 12-12h116v-67c0-10.7 12.9-16 20.5-8.5l99 99c4.7 4.7 4.7 12.3 0 17l-99 99c-7.6 7.6-20.5 2.2-20.5-8.5v-67H140c-6.6 0-12-5.4-12-12z\"><\/path><\/svg>\t\t\t<\/span>\n\t\t\t\t\t\t\t\t\t<span class=\"elementor-button-text\">Psychologie-aanbeveling van Tom Peters<\/span>\n\t\t\t\t\t<\/span>\n\t\t\t\t\t<\/a>\n\t\t\t\t\t\t\t\t<\/div>\n\t\t\t\t\t<\/div>\n\t\t\t\t<\/div>\n\t\t<div class=\"elementor-element elementor-element-adc678e e-flex e-con-boxed wpr-particle-no wpr-jarallax-no wpr-parallax-no wpr-sticky-section-no e-con e-parent\" data-id=\"adc678e\" data-element_type=\"container\">\n\t\t\t\t\t<div class=\"e-con-inner\">\n\t\t\t\t<div class=\"elementor-element elementor-element-2864139 elementor-widget elementor-widget-spacer\" data-id=\"2864139\" data-element_type=\"widget\" data-widget_type=\"spacer.default\">\n\t\t\t\t\t\t\t<div class=\"elementor-spacer\">\n\t\t\t<div class=\"elementor-spacer-inner\"><\/div>\n\t\t<\/div>\n\t\t\t\t\t\t<\/div>\n\t\t\t\t\t<\/div>\n\t\t\t\t<\/div>\n\t\t<div class=\"elementor-element elementor-element-1d8f4b9 e-flex e-con-boxed wpr-particle-no wpr-jarallax-no wpr-parallax-no wpr-sticky-section-no e-con e-parent\" data-id=\"1d8f4b9\" data-element_type=\"container\">\n\t\t\t\t\t<div class=\"e-con-inner\">\n\t\t\t\t<div class=\"elementor-element elementor-element-1885621 elementor-widget elementor-widget-heading\" data-id=\"1885621\" data-element_type=\"widget\" data-widget_type=\"heading.default\">\n\t\t\t\t\t<h2 class=\"elementor-heading-title elementor-size-default\">Zelfstandige &amp; Praktijk: Tom Peters Communicatie, Design &amp; Marketing<\/h2>\t\t\t\t<\/div>\n\t\t\t\t\t<\/div>\n\t\t\t\t<\/div>\n\t\t<div class=\"elementor-element elementor-element-2618ee8 e-flex e-con-boxed wpr-particle-no wpr-jarallax-no wpr-parallax-no wpr-sticky-section-no e-con e-parent\" data-id=\"2618ee8\" data-element_type=\"container\">\n\t\t\t\t\t<div class=\"e-con-inner\">\n\t\t\t\t<div class=\"elementor-element elementor-element-5075de5 elementor-widget elementor-widget-text-editor\" data-id=\"5075de5\" data-element_type=\"widget\" data-widget_type=\"text-editor.default\">\n\t\t\t\t\t\t\t\t\tNaast mijn studie begon ik al vroeg als freelance marketingprofessional onder de naam Tom Peters Communication &amp; Design. Aanvankelijk gebruikte ik dit om mijn academische carri\u00e8re te financieren, maar al snel groeide dit uit tot een groeiend portfolio van projecten voor bedrijven en particuliere opdrachtgevers. Hier leerde ik niet alleen hoe ik merken moest ontwerpen, maar ze ook strategisch moest managen \u2013 van concept en implementatie tot duurzame positionering.<br><br>Tegelijkertijd deed ik meer dan negen jaar ervaring op in een familiebedrijf in de vastgoedsector, waar ik verantwoordelijk was voor branding, marketingcampagnes en persrelaties. Dit omvatte traditionele advertenties, PR-artikelen, public relations en de ontwikkeling van promotiemateriaal. Deze baan gaf me diepgaande inzichten in de relatie tussen communicatiestrategie en bedrijfspraktijk \u2013 en liet me zien hoe belangrijk het is om merkboodschappen nauwkeurig af te stemmen op de doelgroep.<br><br>Tegenwoordig combineer ik deze ervaringen met mijn professionele achtergrond in internationale communicatie en merkdesign. Het resultaat is een aanpak die creativiteit, strategie en psychologische impact combineert \u2013 voor oplossingen die zowel esthetisch aantrekkelijk als meetbaar zijn.\t\t\t\t\t\t\t\t<\/div>\n\t\t\t\t<div class=\"elementor-element elementor-element-711d882 elementor-align-left elementor-widget elementor-widget-button\" data-id=\"711d882\" data-element_type=\"widget\" data-widget_type=\"button.default\">\n\t\t\t\t\t\t\t\t\t\t<a class=\"elementor-button elementor-button-link elementor-size-sm elementor-animation-grow\" href=\"https:\/\/peters.marketing\/nl\/portfolio\/\">\n\t\t\t\t\t\t<span class=\"elementor-button-content-wrapper\">\n\t\t\t\t\t\t<span class=\"elementor-button-icon\">\n\t\t\t\t<svg aria-hidden=\"true\" class=\"e-font-icon-svg e-far-arrow-alt-circle-right\" viewBox=\"0 0 512 512\" xmlns=\"http:\/\/www.w3.org\/2000\/svg\"><path d=\"M504 256C504 119 393 8 256 8S8 119 8 256s111 248 248 248 248-111 248-248zm-448 0c0-110.5 89.5-200 200-200s200 89.5 200 200-89.5 200-200 200S56 366.5 56 256zm72 20v-40c0-6.6 5.4-12 12-12h116v-67c0-10.7 12.9-16 20.5-8.5l99 99c4.7 4.7 4.7 12.3 0 17l-99 99c-7.6 7.6-20.5 2.2-20.5-8.5v-67H140c-6.6 0-12-5.4-12-12z\"><\/path><\/svg>\t\t\t<\/span>\n\t\t\t\t\t\t\t\t\t<span class=\"elementor-button-text\">Meer informatie over diensten<\/span>\n\t\t\t\t\t<\/span>\n\t\t\t\t\t<\/a>\n\t\t\t\t\t\t\t\t<\/div>\n\t\t\t\t\t<\/div>\n\t\t\t\t<\/div>\n\t\t<div class=\"elementor-element elementor-element-eaed059 e-flex e-con-boxed wpr-particle-no wpr-jarallax-no wpr-parallax-no wpr-sticky-section-no e-con e-parent\" data-id=\"eaed059\" data-element_type=\"container\">\n\t\t\t\t\t<div class=\"e-con-inner\">\n\t\t\t\t<div class=\"elementor-element elementor-element-9f587f5 elementor-widget elementor-widget-spacer\" data-id=\"9f587f5\" data-element_type=\"widget\" data-widget_type=\"spacer.default\">\n\t\t\t\t\t\t\t<div class=\"elementor-spacer\">\n\t\t\t<div class=\"elementor-spacer-inner\"><\/div>\n\t\t<\/div>\n\t\t\t\t\t\t<\/div>\n\t\t\t\t\t<\/div>\n\t\t\t\t<\/div>\n\t\t<div class=\"elementor-element elementor-element-acafee0 e-flex e-con-boxed wpr-particle-no wpr-jarallax-no wpr-parallax-no wpr-sticky-section-no e-con e-parent\" data-id=\"acafee0\" data-element_type=\"container\">\n\t\t\t\t\t<div class=\"e-con-inner\">\n\t\t\t\t<div class=\"elementor-element elementor-element-dcab3f6 elementor-widget elementor-widget-heading\" data-id=\"dcab3f6\" data-element_type=\"widget\" data-widget_type=\"heading.default\">\n\t\t\t\t\t<h2 class=\"elementor-heading-title elementor-size-default\">Praktijkervaring bij Orgadata: Marketing &amp; interne communicatie<\/h2>\t\t\t\t<\/div>\n\t\t\t\t\t<\/div>\n\t\t\t\t<\/div>\n\t\t<div class=\"elementor-element elementor-element-5086a9a e-flex e-con-boxed wpr-particle-no wpr-jarallax-no wpr-parallax-no wpr-sticky-section-no e-con e-parent\" data-id=\"5086a9a\" data-element_type=\"container\">\n\t\t\t\t\t<div class=\"e-con-inner\">\n\t\t\t\t<div class=\"elementor-element elementor-element-2c140b5 elementor-widget elementor-widget-text-editor\" data-id=\"2c140b5\" data-element_type=\"widget\" data-widget_type=\"text-editor.default\">\n\t\t\t\t\t\t\t\t\tEen belangrijk onderdeel van mijn professionele ontwikkeling was mijn stage bij softwarebedrijf Orgadata, waar ik op de marketingafdeling werkte. Daar kon ik niet alleen mijn programmeervaardigheden verdiepen, maar ook praktische ervaring opdoen met PR, campagneplanning en interne communicatie.<br><br>Mijn werk aan het interne magazine was bijzonder boeiend. Het hielp bij het vormgeven van de branding en gaf me inzicht in redactionele processen en visuele implementatie. Tegelijkertijd leerde ik hoe ik interne communicatiestrategie\u00ebn kon ontwikkelen en implementeren om medewerkers duurzaam te bereiken en merkwaarden binnen het bedrijf te verankeren.<br><br>Deze stage combineerde technische kennis, marketing en design op een manier die mijn latere werk aanzienlijk heeft gevormd. Het liet me het belang zien van strategische communicatieplanning \u2013 zowel extern in PR als intern in corporate communicatie.\t\t\t\t\t\t\t\t<\/div>\n\t\t\t\t\t<\/div>\n\t\t\t\t<\/div>\n\t\t<div class=\"elementor-element elementor-element-1d3af3d e-flex e-con-boxed wpr-particle-no wpr-jarallax-no wpr-parallax-no wpr-sticky-section-no e-con e-parent\" data-id=\"1d3af3d\" data-element_type=\"container\">\n\t\t\t\t\t<div class=\"e-con-inner\">\n\t\t\t\t<div class=\"elementor-element elementor-element-5a579e0 elementor-widget elementor-widget-spacer\" data-id=\"5a579e0\" data-element_type=\"widget\" data-widget_type=\"spacer.default\">\n\t\t\t\t\t\t\t<div class=\"elementor-spacer\">\n\t\t\t<div class=\"elementor-spacer-inner\"><\/div>\n\t\t<\/div>\n\t\t\t\t\t\t<\/div>\n\t\t\t\t\t<\/div>\n\t\t\t\t<\/div>\n\t\t<div class=\"elementor-element elementor-element-5522a76 e-flex e-con-boxed wpr-particle-no wpr-jarallax-no wpr-parallax-no wpr-sticky-section-no e-con e-parent\" data-id=\"5522a76\" data-element_type=\"container\">\n\t\t\t\t\t<div class=\"e-con-inner\">\n\t\t<div class=\"elementor-element elementor-element-ac77a5b e-con-full e-flex wpr-particle-no wpr-jarallax-no wpr-parallax-no wpr-sticky-section-no e-con e-child\" data-id=\"ac77a5b\" data-element_type=\"container\">\n\t\t\t\t<div class=\"elementor-element elementor-element-8a6383f elementor-widget elementor-widget-spacer\" data-id=\"8a6383f\" data-element_type=\"widget\" data-widget_type=\"spacer.default\">\n\t\t\t\t\t\t\t<div class=\"elementor-spacer\">\n\t\t\t<div class=\"elementor-spacer-inner\"><\/div>\n\t\t<\/div>\n\t\t\t\t\t\t<\/div>\n\t\t\t\t<div class=\"elementor-element elementor-element-4c7c7c9 elementor-widget elementor-widget-image\" data-id=\"4c7c7c9\" data-element_type=\"widget\" data-widget_type=\"image.default\">\n\t\t\t\t\t\t\t\t\t\t\t\t\t\t\t<img decoding=\"async\" width=\"683\" height=\"1024\" src=\"https:\/\/peters.marketing\/wp-content\/uploads\/2025\/08\/Hanze_2025-292-1-scaled-e1755558554472-683x1024.jpg\" class=\"elementor-animation-grow attachment-large size-large wp-image-2120\" alt=\"\" srcset=\"https:\/\/peters.marketing\/wp-content\/uploads\/2025\/08\/Hanze_2025-292-1-scaled-e1755558554472-683x1024.jpg 683w, https:\/\/peters.marketing\/wp-content\/uploads\/2025\/08\/Hanze_2025-292-1-scaled-e1755558554472-200x300.jpg 200w, https:\/\/peters.marketing\/wp-content\/uploads\/2025\/08\/Hanze_2025-292-1-scaled-e1755558554472-768x1151.jpg 768w, https:\/\/peters.marketing\/wp-content\/uploads\/2025\/08\/Hanze_2025-292-1-scaled-e1755558554472-1025x1536.jpg 1025w, https:\/\/peters.marketing\/wp-content\/uploads\/2025\/08\/Hanze_2025-292-1-scaled-e1755558554472.jpg 1230w\" sizes=\"(max-width: 683px) 100vw, 683px\" \/>\t\t\t\t\t\t\t\t\t\t\t\t\t\t\t<\/div>\n\t\t\t\t<\/div>\n\t\t<div class=\"elementor-element elementor-element-3eea5ad e-con-full e-flex wpr-particle-no wpr-jarallax-no wpr-parallax-no wpr-sticky-section-no e-con e-child\" data-id=\"3eea5ad\" data-element_type=\"container\">\n\t\t\t\t<div class=\"elementor-element elementor-element-f4329d7 elementor-widget elementor-widget-heading\" data-id=\"f4329d7\" data-element_type=\"widget\" data-widget_type=\"heading.default\">\n\t\t\t\t\t<h2 class=\"elementor-heading-title elementor-size-default\">Bachelorscriptie &amp; marktstrategie voor een Vietnamese drukkerij<\/h2>\t\t\t\t<\/div>\n\t\t\t\t<div class=\"elementor-element elementor-element-5298464 elementor-widget elementor-widget-text-editor\" data-id=\"5298464\" data-element_type=\"widget\" data-widget_type=\"text-editor.default\">\n\t\t\t\t\t\t\t\t\tEen bijzonder vormende mijlpaal in mijn academische carri\u00e8re was mijn bachelorscriptie Internationale Communicatie. Voor een Vietnamese drukkerij, waar ik nog steeds werk, ontwikkelde ik een uitgebreide markttoetredingsstrategie voor de DACH-regio.<br><br>Ik analyseerde zowel de macro- als micro-omstandigheden van de Europese markt en identificeerde zowel kansen als uitdagingen op het gebied van regelgeving. Een belangrijk aandachtspunt was de strenge EU-regelgeving met betrekking tot duurzame productie, die vaak cruciaal is voor Aziatische bedrijven die de markt betreden. Mijn aanbeveling om over te stappen op zonne-energie en de relevante EU-normen en -certificeringen te behalen, legde een belangrijke basis voor de voortdurende expansie van het bedrijf.<br><br>Interessant is dat het strategische werk niet alleen leidde tot een sterkere focus op de Europese markt, maar ook tot een groeiende aanwezigheid van het bedrijf in Hongkong. Tot op de dag van vandaag adviseer ik nog steeds over hun internationale expansie \u2013 een project dat theorie en praktijk combineert en laat zien hoe communicatie, strategie en marktanalyse op elkaar inwerken.\t\t\t\t\t\t\t\t<\/div>\n\t\t\t\t<\/div>\n\t\t\t\t\t<\/div>\n\t\t\t\t<\/div>\n\t\t<div class=\"elementor-element elementor-element-1e6058e e-flex e-con-boxed wpr-particle-no wpr-jarallax-no wpr-parallax-no wpr-sticky-section-no e-con e-parent\" data-id=\"1e6058e\" data-element_type=\"container\">\n\t\t\t\t\t<div class=\"e-con-inner\">\n\t\t\t\t<div class=\"elementor-element elementor-element-bc3562b elementor-widget elementor-widget-spacer\" data-id=\"bc3562b\" data-element_type=\"widget\" data-widget_type=\"spacer.default\">\n\t\t\t\t\t\t\t<div class=\"elementor-spacer\">\n\t\t\t<div class=\"elementor-spacer-inner\"><\/div>\n\t\t<\/div>\n\t\t\t\t\t\t<\/div>\n\t\t\t\t<div class=\"elementor-element elementor-element-998727c elementor-widget elementor-widget-heading\" data-id=\"998727c\" data-element_type=\"widget\" data-widget_type=\"heading.default\">\n\t\t\t\t\t<h2 class=\"elementor-heading-title elementor-size-default\">Tom Peters Speciale Ervaring: Gladiator in het Colosseum<\/h2>\t\t\t\t<\/div>\n\t\t\t\t\t<\/div>\n\t\t\t\t<\/div>\n\t\t<div class=\"elementor-element elementor-element-83c33f7 e-flex e-con-boxed wpr-particle-no wpr-jarallax-no wpr-parallax-no wpr-sticky-section-no e-con e-parent\" data-id=\"83c33f7\" data-element_type=\"container\">\n\t\t\t\t\t<div class=\"e-con-inner\">\n\t\t<div class=\"elementor-element elementor-element-d6b2993 e-con-full e-flex wpr-particle-no wpr-jarallax-no wpr-parallax-no wpr-sticky-section-no e-con e-child\" data-id=\"d6b2993\" data-element_type=\"container\">\n\t\t\t\t<div class=\"elementor-element elementor-element-cc09b96 elementor-widget elementor-widget-text-editor\" data-id=\"cc09b96\" data-element_type=\"widget\" data-widget_type=\"text-editor.default\">\n\t\t\t\t\t\t\t\t\tEen bijzondere mijlpaal in mijn verhaal was mijn deelname aan een cultureel Airbnb-project in het Colosseum in Rome. Uit meer dan 800.000 aanmeldingen wereldwijd werd ik geselecteerd, samen met slechts 16 deelnemers. Deze selectie was niet alleen toeval, maar ook het resultaat van uitstekend PR- en communicatiewerk \u2013 vaardigheden die me toen al hadden geleid.<br><br>Tegen deze historische achtergrond mocht ik met mijn broer deelnemen aan een gladiatorengevecht. Deze ervaring combineerde persoonlijke storytelling met internationale aandacht. Talrijke media pikten het verhaal op \u2013 in Duitsland besteedde onder andere aandacht aan FOCUS magazine, en ook in de VS en andere landen werd het project opgepikt.<br><br>Voor mij symboliseerde dit moment wat mij tot op de dag van vandaag drijft: aandacht genereren door middel van krachtige verhalen en mensen emotioneel raken. Dit zijn precies de principes die ik vandaag de dag toepas in mijn werk in communicatie en design \u2013 waar creatieve enscenering en strategische impact samenkomen.\t\t\t\t\t\t\t\t<\/div>\n\t\t\t\t<\/div>\n\t\t<div class=\"elementor-element elementor-element-309a7b5 e-con-full e-flex wpr-particle-no wpr-jarallax-no wpr-parallax-no wpr-sticky-section-no e-con e-child\" data-id=\"309a7b5\" data-element_type=\"container\">\n\t\t\t\t<div class=\"elementor-element elementor-element-383fb28 elementor-widget elementor-widget-spacer\" data-id=\"383fb28\" data-element_type=\"widget\" data-widget_type=\"spacer.default\">\n\t\t\t\t\t\t\t<div class=\"elementor-spacer\">\n\t\t\t<div class=\"elementor-spacer-inner\"><\/div>\n\t\t<\/div>\n\t\t\t\t\t\t<\/div>\n\t\t\t\t<div class=\"elementor-element elementor-element-538137a elementor-widget elementor-widget-image\" data-id=\"538137a\" data-element_type=\"widget\" data-widget_type=\"image.default\">\n\t\t\t\t\t\t\t\t\t\t\t\t\t\t\t<img decoding=\"async\" width=\"960\" height=\"640\" src=\"https:\/\/peters.marketing\/wp-content\/uploads\/2025\/08\/01_Airbnb_GladiatorIIExperience_TomHenning-1024x683.jpg\" class=\"elementor-animation-shrink attachment-large size-large wp-image-2122\" alt=\"\" srcset=\"https:\/\/peters.marketing\/wp-content\/uploads\/2025\/08\/01_Airbnb_GladiatorIIExperience_TomHenning-1024x683.jpg 1024w, https:\/\/peters.marketing\/wp-content\/uploads\/2025\/08\/01_Airbnb_GladiatorIIExperience_TomHenning-300x200.jpg 300w, https:\/\/peters.marketing\/wp-content\/uploads\/2025\/08\/01_Airbnb_GladiatorIIExperience_TomHenning-768x512.jpg 768w, https:\/\/peters.marketing\/wp-content\/uploads\/2025\/08\/01_Airbnb_GladiatorIIExperience_TomHenning-1536x1024.jpg 1536w, https:\/\/peters.marketing\/wp-content\/uploads\/2025\/08\/01_Airbnb_GladiatorIIExperience_TomHenning.jpg 1920w\" sizes=\"(max-width: 960px) 100vw, 960px\" \/>\t\t\t\t\t\t\t\t\t\t\t\t\t\t\t<\/div>\n\t\t\t\t<\/div>\n\t\t\t\t\t<\/div>\n\t\t\t\t<\/div>\n\t\t<div class=\"elementor-element elementor-element-698d778 e-flex e-con-boxed wpr-particle-no wpr-jarallax-no wpr-parallax-no wpr-sticky-section-no e-con e-parent\" data-id=\"698d778\" data-element_type=\"container\">\n\t\t\t\t\t<div class=\"e-con-inner\">\n\t\t\t\t<div class=\"elementor-element elementor-element-903efde elementor-widget elementor-widget-spacer\" data-id=\"903efde\" data-element_type=\"widget\" data-widget_type=\"spacer.default\">\n\t\t\t\t\t\t\t<div class=\"elementor-spacer\">\n\t\t\t<div class=\"elementor-spacer-inner\"><\/div>\n\t\t<\/div>\n\t\t\t\t\t\t<\/div>\n\t\t\t\t\t<\/div>\n\t\t\t\t<\/div>\n\t\t<div class=\"elementor-element elementor-element-671c08c e-flex e-con-boxed wpr-particle-no wpr-jarallax-no wpr-parallax-no wpr-sticky-section-no e-con e-parent\" data-id=\"671c08c\" data-element_type=\"container\">\n\t\t\t\t\t<div class=\"e-con-inner\">\n\t\t\t\t<div class=\"elementor-element elementor-element-7eb0ddb elementor-widget elementor-widget-heading\" data-id=\"7eb0ddb\" data-element_type=\"widget\" data-widget_type=\"heading.default\">\n\t\t\t\t\t<h2 class=\"elementor-heading-title elementor-size-default\">Vandaag &amp; Morgen: Waar ik \u2013 Tom van Peters Communication &amp; Design \u2013 voor sta<\/h2>\t\t\t\t<\/div>\n\t\t\t\t\t<\/div>\n\t\t\t\t<\/div>\n\t\t<div class=\"elementor-element elementor-element-f962901 e-flex e-con-boxed wpr-particle-no wpr-jarallax-no wpr-parallax-no wpr-sticky-section-no e-con e-parent\" data-id=\"f962901\" data-element_type=\"container\">\n\t\t\t\t\t<div class=\"e-con-inner\">\n\t\t<div class=\"elementor-element elementor-element-6bb84fc e-con-full e-flex wpr-particle-no wpr-jarallax-no wpr-parallax-no wpr-sticky-section-no e-con e-child\" data-id=\"6bb84fc\" data-element_type=\"container\">\n\t\t\t\t<div class=\"elementor-element elementor-element-6c69c1b elementor-widget elementor-widget-image\" data-id=\"6c69c1b\" data-element_type=\"widget\" data-widget_type=\"image.default\">\n\t\t\t\t\t\t\t\t\t\t\t\t\t\t\t<img loading=\"lazy\" decoding=\"async\" width=\"768\" height=\"1024\" src=\"https:\/\/peters.marketing\/wp-content\/uploads\/2025\/08\/Design-ohne-Titel-9-768x1024.png\" class=\"attachment-large size-large wp-image-2112\" alt=\"Tom Peters Kontakt Kommunikation &amp; Design\" srcset=\"https:\/\/peters.marketing\/wp-content\/uploads\/2025\/08\/Design-ohne-Titel-9-768x1024.png 768w, https:\/\/peters.marketing\/wp-content\/uploads\/2025\/08\/Design-ohne-Titel-9-225x300.png 225w, https:\/\/peters.marketing\/wp-content\/uploads\/2025\/08\/Design-ohne-Titel-9-1152x1536.png 1152w, https:\/\/peters.marketing\/wp-content\/uploads\/2025\/08\/Design-ohne-Titel-9.png 1500w\" sizes=\"(max-width: 768px) 100vw, 768px\" \/>\t\t\t\t\t\t\t\t\t\t\t\t\t\t\t<\/div>\n\t\t\t\t<div class=\"elementor-element elementor-element-cfa3c9d elementor-widget-divider--view-line elementor-widget elementor-widget-divider\" data-id=\"cfa3c9d\" data-element_type=\"widget\" data-widget_type=\"divider.default\">\n\t\t\t\t\t\t\t<div class=\"elementor-divider\">\n\t\t\t<span class=\"elementor-divider-separator\">\n\t\t\t\t\t\t<\/span>\n\t\t<\/div>\n\t\t\t\t\t\t<\/div>\n\t\t\t\t<\/div>\n\t\t<div class=\"elementor-element elementor-element-7b6c6fa e-con-full e-flex wpr-particle-no wpr-jarallax-no wpr-parallax-no wpr-sticky-section-no e-con e-child\" data-id=\"7b6c6fa\" data-element_type=\"container\">\n\t\t\t\t<div class=\"elementor-element elementor-element-78c6f08 elementor-widget elementor-widget-text-editor\" data-id=\"78c6f08\" data-element_type=\"widget\" data-widget_type=\"text-editor.default\">\n\t\t\t\t\t\t\t\t\tTegenwoordig combineer ik mijn ervaring bij Tom Peters Communicatie &amp; Design en Marketing met de waarden die mij vanaf het begin hebben gevormd: eerlijkheid, betrouwbaarheid en creativiteit. Succesvolle communicatie betekent voor mij meer dan alleen mooie woorden of ontwerpen, maar heldere boodschappen die mensen raken en merken versterken.<br><br>Klanten waarderen het feit dat ik strategisch denken combineer met creatieve implementatie in mijn werk \u2013 altijd rekening houdend met de psychologische factoren die aandacht, vertrouwen en aankoopbeslissingen bepalen. Of het nu gaat om branding, public relations of digitale projecten: mijn doel is om content te ontwerpen die impact heeft en op de lange termijn toegevoegde waarde cre\u00ebert.<br><br>Voor de toekomst zet ik me in voor interculturele competentie, digitale innovatie en duurzame communicatie. Want ik ben ervan overtuigd dat alleen wie buiten de gebaande paden denkt, merken succesvol de toekomst in kan leiden.\t\t\t\t\t\t\t\t<\/div>\n\t\t\t\t<\/div>\n\t\t\t\t\t<\/div>\n\t\t\t\t<\/div>\n\t\t<div class=\"elementor-element elementor-element-5d13991 e-flex e-con-boxed wpr-particle-no wpr-jarallax-no wpr-parallax-no wpr-sticky-section-no e-con e-parent\" data-id=\"5d13991\" data-element_type=\"container\">\n\t\t\t\t\t<div class=\"e-con-inner\">\n\t\t<div class=\"elementor-element elementor-element-bc22ae0 e-con-full e-flex wpr-particle-no wpr-jarallax-no wpr-parallax-no wpr-sticky-section-no e-con e-child\" data-id=\"bc22ae0\" data-element_type=\"container\">\n\t\t\t\t<\/div>\n\t\t<div class=\"elementor-element elementor-element-fffaad0 e-con-full e-flex wpr-particle-no wpr-jarallax-no wpr-parallax-no wpr-sticky-section-no e-con e-child\" data-id=\"fffaad0\" data-element_type=\"container\">\n\t\t\t\t<\/div>\n\t\t<div class=\"elementor-element elementor-element-a1f2811 e-con-full e-flex wpr-particle-no wpr-jarallax-no wpr-parallax-no wpr-sticky-section-no e-con e-child\" data-id=\"a1f2811\" data-element_type=\"container\">\n\t\t\t\t<div class=\"elementor-element elementor-element-1ae6a24 elementor-align-center elementor-widget elementor-widget-button\" data-id=\"1ae6a24\" data-element_type=\"widget\" data-widget_type=\"button.default\">\n\t\t\t\t\t\t\t\t\t\t<a class=\"elementor-button elementor-button-link elementor-size-sm elementor-animation-grow\" href=\"https:\/\/peters.marketing\/nl\/over-mij\/\">\n\t\t\t\t\t\t<span class=\"elementor-button-content-wrapper\">\n\t\t\t\t\t\t<span class=\"elementor-button-icon\">\n\t\t\t\t<svg aria-hidden=\"true\" class=\"e-font-icon-svg e-far-arrow-alt-circle-right\" viewBox=\"0 0 512 512\" xmlns=\"http:\/\/www.w3.org\/2000\/svg\"><path d=\"M504 256C504 119 393 8 256 8S8 119 8 256s111 248 248 248 248-111 248-248zm-448 0c0-110.5 89.5-200 200-200s200 89.5 200 200-89.5 200-200 200S56 366.5 56 256zm72 20v-40c0-6.6 5.4-12 12-12h116v-67c0-10.7 12.9-16 20.5-8.5l99 99c4.7 4.7 4.7 12.3 0 17l-99 99c-7.6 7.6-20.5 2.2-20.5-8.5v-67H140c-6.6 0-12-5.4-12-12z\"><\/path><\/svg>\t\t\t<\/span>\n\t\t\t\t\t\t\t\t\t<span class=\"elementor-button-text\">Leer meer over mij<\/span>\n\t\t\t\t\t<\/span>\n\t\t\t\t\t<\/a>\n\t\t\t\t\t\t\t\t<\/div>\n\t\t\t\t<\/div>\n\t\t\t\t\t<\/div>\n\t\t\t\t<\/div>\n\t\t<div class=\"elementor-element elementor-element-07495ea e-flex e-con-boxed wpr-particle-no wpr-jarallax-no wpr-parallax-no wpr-sticky-section-no e-con e-parent\" data-id=\"07495ea\" data-element_type=\"container\">\n\t\t\t\t\t<div class=\"e-con-inner\">\n\t\t\t\t<div class=\"elementor-element elementor-element-513725e elementor-widget elementor-widget-spacer\" data-id=\"513725e\" data-element_type=\"widget\" data-widget_type=\"spacer.default\">\n\t\t\t\t\t\t\t<div class=\"elementor-spacer\">\n\t\t\t<div class=\"elementor-spacer-inner\"><\/div>\n\t\t<\/div>\n\t\t\t\t\t\t<\/div>\n\t\t\t\t\t<\/div>\n\t\t\t\t<\/div>\n\t\t<div class=\"elementor-element elementor-element-d6cb203 e-flex e-con-boxed wpr-particle-no wpr-jarallax-no wpr-parallax-no wpr-sticky-section-no e-con e-parent\" data-id=\"d6cb203\" data-element_type=\"container\">\n\t\t\t\t\t<div class=\"e-con-inner\">\n\t\t\t\t<div class=\"elementor-element elementor-element-f30bb12 elementor-widget elementor-widget-text-editor\" data-id=\"f30bb12\" data-element_type=\"widget\" data-widget_type=\"text-editor.default\">\n\t\t\t\t\t\t\t\t\tWilt u meer weten of samen met mij een project starten, neem dan gerust contact met mij op.\t\t\t\t\t\t\t\t<\/div>\n\t\t\t\t\t<\/div>\n\t\t\t\t<\/div>\n\t\t\t\t<section class=\"elementor-section elementor-top-section elementor-element elementor-element-37f868b elementor-section-boxed elementor-section-height-default elementor-section-height-default wpr-particle-no wpr-jarallax-no wpr-parallax-no wpr-sticky-section-no\" data-id=\"37f868b\" data-element_type=\"section\">\n\t\t\t\t\t\t<div class=\"elementor-container elementor-column-gap-default\">\n\t\t\t\t\t<div class=\"elementor-column elementor-col-100 elementor-top-column elementor-element elementor-element-f616be1\" data-id=\"f616be1\" data-element_type=\"column\">\n\t\t\t<div class=\"elementor-widget-wrap elementor-element-populated\">\n\t\t\t\t\t\t<div class=\"elementor-element elementor-element-c79880e elementor-button-align-stretch elementor-widget elementor-widget-form\" data-id=\"c79880e\" data-element_type=\"widget\" data-settings=\"{&quot;step_next_label&quot;:&quot;Volgende&quot;,&quot;step_previous_label&quot;:&quot;Vorige&quot;,&quot;button_width&quot;:&quot;100&quot;,&quot;step_type&quot;:&quot;number_text&quot;,&quot;step_icon_shape&quot;:&quot;circle&quot;}\" data-widget_type=\"form.default\">\n\t\t\t\t\t\t\t<form class=\"elementor-form\" method=\"post\" name=\"Contact klikken\" aria-label=\"Contact klikken\">\n\t\t\t<input type=\"hidden\" name=\"post_id\" value=\"2288\"\/>\n\t\t\t<input type=\"hidden\" name=\"form_id\" value=\"c79880e\"\/>\n\t\t\t<input type=\"hidden\" name=\"referer_title\" value=\"Webdesign, Branding &amp; AI \u2013 Peters Kommunikation &amp; Design\" \/>\n\n\t\t\t\n\t\t\t<div class=\"elementor-form-fields-wrapper elementor-labels-above\">\n\t\t\t\t\t\t\t\t<div class=\"elementor-field-type-step elementor-field-group elementor-column elementor-field-group-field_4fd6c12 elementor-col-100\">\n\t\t\t\t\t\t\t<div class=\"e-field-step elementor-hidden\" data-label=\"\" data-previousButton=\"\" data-nextButton=\"\" data-iconUrl=\"\" data-iconLibrary=\"fas fa-star\" data-icon=\"&lt;svg class=&quot;e-font-icon-svg e-fas-star&quot; viewBox=&quot;0 0 576 512&quot; xmlns=&quot;http:\/\/www.w3.org\/2000\/svg&quot;&gt;&lt;path d=&quot;M259.3 17.8L194 150.2 47.9 171.5c-26.2 3.8-36.7 36.1-17.7 54.6l105.7 103-25 145.5c-4.5 26.3 23.2 46 46.4 33.7L288 439.6l130.7 68.7c23.2 12.2 50.9-7.4 46.4-33.7l-25-145.5 105.7-103c19-18.5 8.5-50.8-17.7-54.6L382 150.2 316.7 17.8c-11.7-23.6-45.6-23.9-57.4 0z&quot;&gt;&lt;\/path&gt;&lt;\/svg&gt;\" ><\/div>\n\n\t\t\t\t\t\t<\/div>\n\t\t\t\t\t\t\t\t<div class=\"elementor-field-type-select elementor-field-group elementor-column elementor-field-group-project_type elementor-col-100 elementor-field-required elementor-mark-required\">\n\t\t\t\t\t\t\t\t\t\t\t\t<label for=\"form-field-project_type\" class=\"elementor-field-label\">\n\t\t\t\t\t\t\t\tProjecttype\t\t\t\t\t\t\t<\/label>\n\t\t\t\t\t\t\t\t<div class=\"elementor-field elementor-select-wrapper remove-before \">\n\t\t\t<div class=\"select-caret-down-wrapper\">\n\t\t\t\t<svg aria-hidden=\"true\" class=\"e-font-icon-svg e-eicon-caret-down\" viewBox=\"0 0 571.4 571.4\" xmlns=\"http:\/\/www.w3.org\/2000\/svg\"><path d=\"M571 393Q571 407 561 418L311 668Q300 679 286 679T261 668L11 418Q0 407 0 393T11 368 36 357H536Q550 357 561 368T571 393Z\"><\/path><\/svg>\t\t\t<\/div>\n\t\t\t<select name=\"form_fields[project_type]\" id=\"form-field-project_type\" class=\"elementor-field-textual elementor-size-sm\" required=\"required\">\n\t\t\t\t\t\t\t\t\t<option value=\"Webdesign\">Webdesign<\/option>\n\t\t\t\t\t\t\t\t\t<option value=\"Branding\">Branding<\/option>\n\t\t\t\t\t\t\t\t\t<option value=\"Social media advertenties\">Social media advertenties<\/option>\n\t\t\t\t\t\t\t\t\t<option value=\"AI\/Chatbots\">AI\/Chatbots<\/option>\n\t\t\t\t\t\t\t\t\t<option value=\"Markttoegang\">Markttoegang<\/option>\n\t\t\t\t\t\t\t\t\t<option value=\"Overig\">Overig<\/option>\n\t\t\t\t\t\t\t<\/select>\n\t\t<\/div>\n\t\t\t\t\t\t<\/div>\n\t\t\t\t\t\t\t\t<div class=\"elementor-field-type-select elementor-field-group elementor-column elementor-field-group-budget elementor-col-100\">\n\t\t\t\t\t\t\t\t\t\t\t\t<label for=\"form-field-budget\" class=\"elementor-field-label\">\n\t\t\t\t\t\t\t\tBudget\t\t\t\t\t\t\t<\/label>\n\t\t\t\t\t\t\t\t<div class=\"elementor-field elementor-select-wrapper remove-before \">\n\t\t\t<div class=\"select-caret-down-wrapper\">\n\t\t\t\t<svg aria-hidden=\"true\" class=\"e-font-icon-svg e-eicon-caret-down\" viewBox=\"0 0 571.4 571.4\" xmlns=\"http:\/\/www.w3.org\/2000\/svg\"><path d=\"M571 393Q571 407 561 418L311 668Q300 679 286 679T261 668L11 418Q0 407 0 393T11 368 36 357H536Q550 357 561 368T571 393Z\"><\/path><\/svg>\t\t\t<\/div>\n\t\t\t<select name=\"form_fields[budget]\" id=\"form-field-budget\" class=\"elementor-field-textual elementor-size-sm\">\n\t\t\t\t\t\t\t\t\t<option value=\"tot \u20ac 1.000\">tot \u20ac 1.000<\/option>\n\t\t\t\t\t\t\t\t\t<option value=\"\u20ac 1.000\u20132.500\">\u20ac 1.000\u20132.500<\/option>\n\t\t\t\t\t\t\t\t\t<option value=\"\u20ac 2.500\u20135.000\">\u20ac 2.500\u20135.000<\/option>\n\t\t\t\t\t\t\t\t\t<option value=\"\u20ac 5.000\u201310.000\">\u20ac 5.000\u201310.000<\/option>\n\t\t\t\t\t\t\t\t\t<option value=\"meer dan \u20ac 10.000\">meer dan \u20ac 10.000<\/option>\n\t\t\t\t\t\t\t<\/select>\n\t\t<\/div>\n\t\t\t\t\t\t<\/div>\n\t\t\t\t\t\t\t\t<div class=\"elementor-field-type-step elementor-field-group elementor-column elementor-field-group-field_81a24b8 elementor-col-100\">\n\t\t\t\t\t\t\t<div class=\"e-field-step elementor-hidden\" data-label=\"\" data-previousButton=\"\" data-nextButton=\"\" data-iconUrl=\"\" data-iconLibrary=\"fas fa-star\" data-icon=\"&lt;svg class=&quot;e-font-icon-svg e-fas-star&quot; viewBox=&quot;0 0 576 512&quot; xmlns=&quot;http:\/\/www.w3.org\/2000\/svg&quot;&gt;&lt;path d=&quot;M259.3 17.8L194 150.2 47.9 171.5c-26.2 3.8-36.7 36.1-17.7 54.6l105.7 103-25 145.5c-4.5 26.3 23.2 46 46.4 33.7L288 439.6l130.7 68.7c23.2 12.2 50.9-7.4 46.4-33.7l-25-145.5 105.7-103c19-18.5 8.5-50.8-17.7-54.6L382 150.2 316.7 17.8c-11.7-23.6-45.6-23.9-57.4 0z&quot;&gt;&lt;\/path&gt;&lt;\/svg&gt;\" ><\/div>\n\n\t\t\t\t\t\t<\/div>\n\t\t\t\t\t\t\t\t<div class=\"elementor-field-type-text elementor-field-group elementor-column elementor-field-group-name elementor-col-100 elementor-field-required elementor-mark-required\">\n\t\t\t\t\t\t\t\t\t\t\t\t<label for=\"form-field-name\" class=\"elementor-field-label\">\n\t\t\t\t\t\t\t\tNaam\t\t\t\t\t\t\t<\/label>\n\t\t\t\t\t\t\t\t\t\t\t\t\t\t<input size=\"1\" type=\"text\" name=\"form_fields[name]\" id=\"form-field-name\" class=\"elementor-field elementor-size-sm  elementor-field-textual\" placeholder=\"Max Mustermann\" required=\"required\">\n\t\t\t\t\t\t\t\t\t\t\t<\/div>\n\t\t\t\t\t\t\t\t<div class=\"elementor-field-type-email elementor-field-group elementor-column elementor-field-group-email elementor-col-100 elementor-field-required elementor-mark-required\">\n\t\t\t\t\t\t\t\t\t\t\t\t<label for=\"form-field-email\" class=\"elementor-field-label\">\n\t\t\t\t\t\t\t\tE-Mail\t\t\t\t\t\t\t<\/label>\n\t\t\t\t\t\t\t\t\t\t\t\t\t\t<input size=\"1\" type=\"email\" name=\"form_fields[email]\" id=\"form-field-email\" class=\"elementor-field elementor-size-sm  elementor-field-textual\" placeholder=\"naam@bedrijf.nl\" required=\"required\">\n\t\t\t\t\t\t\t\t\t\t\t<\/div>\n\t\t\t\t\t\t\t\t<div class=\"elementor-field-type-tel elementor-field-group elementor-column elementor-field-group-phone elementor-col-100\">\n\t\t\t\t\t\t\t\t\t\t\t\t<label for=\"form-field-phone\" class=\"elementor-field-label\">\n\t\t\t\t\t\t\t\tTelefoon\t\t\t\t\t\t\t<\/label>\n\t\t\t\t\t\t\t\t<input size=\"1\" type=\"tel\" name=\"form_fields[phone]\" id=\"form-field-phone\" class=\"elementor-field elementor-size-sm  elementor-field-textual\" placeholder=\"+31 \u2026\" pattern=\"[0-9()#&amp;+*-=.]+\" title=\"Alleen nummers en telefoontekens (#, -, *, enz.) worden geaccepteerd.\">\n\n\t\t\t\t\t\t<\/div>\n\t\t\t\t\t\t\t\t<div class=\"elementor-field-type-step elementor-field-group elementor-column elementor-field-group-field_88bed7d elementor-col-100\">\n\t\t\t\t\t\t\t<div class=\"e-field-step elementor-hidden\" data-label=\"\" data-previousButton=\"\" data-nextButton=\"\" data-iconUrl=\"\" data-iconLibrary=\"fas fa-star\" data-icon=\"&lt;svg class=&quot;e-font-icon-svg e-fas-star&quot; viewBox=&quot;0 0 576 512&quot; xmlns=&quot;http:\/\/www.w3.org\/2000\/svg&quot;&gt;&lt;path d=&quot;M259.3 17.8L194 150.2 47.9 171.5c-26.2 3.8-36.7 36.1-17.7 54.6l105.7 103-25 145.5c-4.5 26.3 23.2 46 46.4 33.7L288 439.6l130.7 68.7c23.2 12.2 50.9-7.4 46.4-33.7l-25-145.5 105.7-103c19-18.5 8.5-50.8-17.7-54.6L382 150.2 316.7 17.8c-11.7-23.6-45.6-23.9-57.4 0z&quot;&gt;&lt;\/path&gt;&lt;\/svg&gt;\" ><\/div>\n\n\t\t\t\t\t\t<\/div>\n\t\t\t\t\t\t\t\t<div class=\"elementor-field-type-text elementor-field-group elementor-column elementor-field-group-company elementor-col-100\">\n\t\t\t\t\t\t\t\t\t\t\t\t<label for=\"form-field-company\" class=\"elementor-field-label\">\n\t\t\t\t\t\t\t\tBedrijf\t\t\t\t\t\t\t<\/label>\n\t\t\t\t\t\t\t\t\t\t\t\t\t\t<input size=\"1\" type=\"text\" name=\"form_fields[company]\" id=\"form-field-company\" class=\"elementor-field elementor-size-sm  elementor-field-textual\" placeholder=\"Bedrijf \/ organisatie\">\n\t\t\t\t\t\t\t\t\t\t\t<\/div>\n\t\t\t\t\t\t\t\t<div class=\"elementor-field-type-checkbox elementor-field-group elementor-column elementor-field-group-contact_way elementor-col-100\">\n\t\t\t\t\t\t\t\t\t\t\t\t<label for=\"form-field-contact_way\" class=\"elementor-field-label\">\n\t\t\t\t\t\t\t\tVoorkeur voor contact\t\t\t\t\t\t\t<\/label>\n\t\t\t\t\t\t<div class=\"elementor-field-subgroup  elementor-subgroup-inline\"><span class=\"elementor-field-option\"><input type=\"checkbox\" value=\"E-mail\" id=\"form-field-contact_way-0\" name=\"form_fields[contact_way][]\"> <label for=\"form-field-contact_way-0\">E-mail<\/label><\/span><span class=\"elementor-field-option\"><input type=\"checkbox\" value=\"Telefoon\" id=\"form-field-contact_way-1\" name=\"form_fields[contact_way][]\"> <label for=\"form-field-contact_way-1\">Telefoon<\/label><\/span><\/div>\t\t\t\t<\/div>\n\t\t\t\t\t\t\t\t<div class=\"elementor-field-type-step elementor-field-group elementor-column elementor-field-group-field_7a8c883 elementor-col-100\">\n\t\t\t\t\t\t\t<div class=\"e-field-step elementor-hidden\" data-label=\"\" data-previousButton=\"\" data-nextButton=\"\" data-iconUrl=\"\" data-iconLibrary=\"fas fa-star\" data-icon=\"&lt;svg class=&quot;e-font-icon-svg e-fas-star&quot; viewBox=&quot;0 0 576 512&quot; xmlns=&quot;http:\/\/www.w3.org\/2000\/svg&quot;&gt;&lt;path d=&quot;M259.3 17.8L194 150.2 47.9 171.5c-26.2 3.8-36.7 36.1-17.7 54.6l105.7 103-25 145.5c-4.5 26.3 23.2 46 46.4 33.7L288 439.6l130.7 68.7c23.2 12.2 50.9-7.4 46.4-33.7l-25-145.5 105.7-103c19-18.5 8.5-50.8-17.7-54.6L382 150.2 316.7 17.8c-11.7-23.6-45.6-23.9-57.4 0z&quot;&gt;&lt;\/path&gt;&lt;\/svg&gt;\" ><\/div>\n\n\t\t\t\t\t\t<\/div>\n\t\t\t\t\t\t\t\t<div class=\"elementor-field-type-text elementor-field-group elementor-column elementor-field-group-subject elementor-col-100 elementor-field-required elementor-mark-required\">\n\t\t\t\t\t\t\t\t\t\t\t\t<label for=\"form-field-subject\" class=\"elementor-field-label\">\n\t\t\t\t\t\t\t\tOnderwerp\t\t\t\t\t\t\t<\/label>\n\t\t\t\t\t\t\t\t\t\t\t\t\t\t<input size=\"1\" type=\"text\" name=\"form_fields[subject]\" id=\"form-field-subject\" class=\"elementor-field elementor-size-sm  elementor-field-textual\" placeholder=\"Korte projecttitel\" required=\"required\">\n\t\t\t\t\t\t\t\t\t\t\t<\/div>\n\t\t\t\t\t\t\t\t<div class=\"elementor-field-type-text elementor-field-group elementor-column elementor-field-group-message elementor-col-100\">\n\t\t\t\t\t\t\t\t\t\t\t\t<label for=\"form-field-message\" class=\"elementor-field-label\">\n\t\t\t\t\t\t\t\tBericht\t\t\t\t\t\t\t<\/label>\n\t\t\t\t\t\t\t\t\t\t\t\t\t\t<input size=\"1\" type=\"text\" name=\"form_fields[message]\" id=\"form-field-message\" class=\"elementor-field elementor-size-sm  elementor-field-textual\" placeholder=\"Doelen, omvang, voorbeeldpagina&#039;s...\">\n\t\t\t\t\t\t\t\t\t\t\t<\/div>\n\t\t\t\t\t\t\t\t<div class=\"elementor-field-type-upload elementor-field-group elementor-column elementor-field-group-file elementor-col-100\">\n\t\t\t\t\t\t\t\t\t\t\t\t<label for=\"form-field-file\" class=\"elementor-field-label\">\n\t\t\t\t\t\t\t\tBestand bijvoegen\t\t\t\t\t\t\t<\/label>\n\t\t\t\t\t\t\t\t<input type=\"file\" name=\"form_fields[file]\" id=\"form-field-file\" class=\"elementor-field elementor-size-sm  elementor-upload-field\" data-maxsize=\"10\" data-maxsize-message=\"Dit bestand overschrijdt de maximaal toegestane grootte.\">\n\n\t\t\t\t\t\t<\/div>\n\t\t\t\t\t\t\t\t<div class=\"elementor-field-type-acceptance elementor-field-group elementor-column elementor-field-group-privacy elementor-col-100 elementor-field-required elementor-mark-required\">\n\t\t\t\t\t\t\t\t\t\t\t\t<label for=\"form-field-privacy\" class=\"elementor-field-label\">\n\t\t\t\t\t\t\t\tIk ga akkoord met de verwerking van mijn gegevens in overeenstemming met de <a href=\"\/datenschutz\" target=\"_blank\" rel=\"noopener\">privacyverklaring<\/a>.\t\t\t\t\t\t\t<\/label>\n\t\t\t\t\t\t\t\t<div class=\"elementor-field-subgroup\">\n\t\t\t<span class=\"elementor-field-option\">\n\t\t\t\t<input type=\"checkbox\" name=\"form_fields[privacy]\" id=\"form-field-privacy\" class=\"elementor-field elementor-size-sm  elementor-acceptance-field\" required=\"required\">\n\t\t\t\t\t\t\t<\/span>\n\t\t<\/div>\n\t\t\t\t\t\t<\/div>\n\t\t\t\t\t\t\t\t<div class=\"elementor-field-type-hidden elementor-field-group elementor-column elementor-field-group-page_title elementor-col-100\">\n\t\t\t\t\t\t\t\t\t\t\t\t\t<input size=\"1\" type=\"hidden\" name=\"form_fields[page_title]\" id=\"form-field-page_title\" class=\"elementor-field elementor-size-sm  elementor-field-textual\">\n\t\t\t\t\t\t\t\t\t\t\t<\/div>\n\t\t\t\t\t\t\t\t<div class=\"elementor-field-type-step elementor-field-group elementor-column elementor-field-group-field_943b125 elementor-col-100\">\n\t\t\t\t\t\t\t<div class=\"e-field-step elementor-hidden\" data-label=\"\" data-previousButton=\"\" data-nextButton=\"\" data-iconUrl=\"\" data-iconLibrary=\"fas fa-star\" data-icon=\"&lt;svg class=&quot;e-font-icon-svg e-fas-star&quot; viewBox=&quot;0 0 576 512&quot; xmlns=&quot;http:\/\/www.w3.org\/2000\/svg&quot;&gt;&lt;path d=&quot;M259.3 17.8L194 150.2 47.9 171.5c-26.2 3.8-36.7 36.1-17.7 54.6l105.7 103-25 145.5c-4.5 26.3 23.2 46 46.4 33.7L288 439.6l130.7 68.7c23.2 12.2 50.9-7.4 46.4-33.7l-25-145.5 105.7-103c19-18.5 8.5-50.8-17.7-54.6L382 150.2 316.7 17.8c-11.7-23.6-45.6-23.9-57.4 0z&quot;&gt;&lt;\/path&gt;&lt;\/svg&gt;\" ><\/div>\n\n\t\t\t\t\t\t<\/div>\n\t\t\t\t\t\t\t\t<div class=\"elementor-field-type-html elementor-field-group elementor-column elementor-field-group-field_34aa9f4 elementor-col-100\">\n\t\t\t\t\t<h3>Controleer alstublieft:<\/h3><br><ul class=\"pkd-review\">\r\n\u00a0 <li><strong>Project:<\/strong> <span class=\"rev_project_type\">\u2013<\/span><\/li>\r\n\u00a0 <li><strong>Budget:<\/strong> <span class=\"rev_budget\">\u2013<\/span><\/li>\r\n\u00a0 <li><strong>Naam:<\/strong> <span class=\"rev_name\">\u2013<\/span><\/li>\r\n\u00a0 <li><strong>E-mail:<\/strong> <span class=\"rev_email\">\u2013<\/span><\/li>\r\n\u00a0 <li><strong>Tel:<\/strong> <span class=\"rev_phone\">\u2013<\/span><\/li>\r\n\u00a0 <li><strong>Bedrijf:<\/strong> <span class=\"rev_company\">\u2013<\/span><\/li>\r\n\u00a0 <li><strong>Contactmethode:<\/strong> <span class=\"rev_contact_way\">\u2013<\/span><\/li>\r\n\u00a0 <li><strong>Onderwerp:<\/strong> <span class=\"rev_subject\">\u2013<\/span><\/li>\r\n<\/ul>\t\t\t\t<\/div>\n\t\t\t\t\t\t\t\t<div class=\"elementor-field-group elementor-column elementor-field-type-submit elementor-col-100 e-form__buttons\">\n\t\t\t\t\t<button class=\"elementor-button elementor-size-sm\" type=\"submit\">\n\t\t\t\t\t\t<span class=\"elementor-button-content-wrapper\">\n\t\t\t\t\t\t\t\t\t\t\t\t\t\t\t\t\t\t\t\t\t\t<span class=\"elementor-button-text\">Verzenden<\/span>\n\t\t\t\t\t\t\t\t\t\t\t\t\t<\/span>\n\t\t\t\t\t<\/button>\n\t\t\t\t<\/div>\n\t\t\t<\/div>\n\t\t<\/form>\n\t\t\t\t\t\t<\/div>\n\t\t\t\t<div class=\"elementor-element elementor-element-8c3ec1a elementor-widget elementor-widget-html\" data-id=\"8c3ec1a\" data-element_type=\"widget\" data-widget_type=\"html.default\">\n\t\t\t\t\t<script>\n(function($){\n  function valueOf($form, id){\n    const $el = $form.find('#form-field-' + id);\n    if (!$el.length) return '';\n    if ($el.is(':checkbox')){\n      return $form.find('#form-field-' + id + ':checked').map(function(){ return this.value; }).get().join(', ');\n    }\n    if ($el.is('select')){\n      return $el.find('option:selected').map(function(){ return $(this).text(); }).get().join(', ');\n    }\n    return $el.val();\n  }\n\n  function fillReview($form){\n    const map = {\n      project_type: '.rev_project_type',\n      budget: '.rev_budget',\n      name: '.rev_name',\n      email: '.rev_email',\n      phone: '.rev_phone',\n      company: '.rev_company',\n      contact_way: '.rev_contact_way',\n      subject: '.rev_subject'\n    };\n    Object.keys(map).forEach(function(id){\n      const val = valueOf($form, id) || '\u2013';\n      $form.find(map[id]).text(val);\n    });\n  }\n\n  \/\/ Bei Eingaben und Step-Wechsel aktualisieren\n  $(document).on('input change', '.elementor-form :input', function(){\n    fillReview($(this).closest('.elementor-form'));\n  });\n  $(document).on('click', '.elementor-button-next, .elementor-button-prev', function(){\n    const $form = $(this).closest('.elementor-form');\n    setTimeout(function(){ fillReview($form); }, 50);\n  });\n\n  \/\/ Initial (falls direkt im letzten Step ge\u00f6ffnet)\n  $(window).on('load', function(){\n    $('.elementor-form').each(function(){ fillReview($(this)); });\n  });\n})(jQuery);\n<\/script>\n\t\t\t\t<\/div>\n\t\t\t\t<div class=\"elementor-element elementor-element-4b5e6c0 elementor-widget elementor-widget-html\" data-id=\"4b5e6c0\" data-element_type=\"widget\" data-widget_type=\"html.default\">\n\t\t\t\t\t<script>\r\n(function($){\r\n  function valueOf($form, id){\r\n    const $el = $form.find('#form-field-' + id);\r\n    if (!$el.length) return '';\r\n    if ($el.is(':checkbox')){\r\n      return $form.find('#form-field-' + id + ':checked').map(function(){ return this.value; }).get().join(', ');\r\n    }\r\n    if ($el.is('select')){\r\n      return $el.find('option:selected').map(function(){ return $(this).text(); }).get().join(', ');\r\n    }\r\n    return $el.val();\r\n  }\r\n\r\n  function fillReview($form){\r\n    const map = {\r\n      project_type: '.rev_project_type',\r\n      budget: '.rev_budget',\r\n      name: '.rev_name',\r\n      email: '.rev_email',\r\n      phone: '.rev_phone',\r\n      company: '.rev_company',\r\n      contact_way: '.rev_contact_way',\r\n      subject: '.rev_subject'\r\n    };\r\n    Object.keys(map).forEach(function(id){\r\n      const val = valueOf($form, id) || '\u2013';\r\n      $form.find(map[id]).text(val);\r\n    });\r\n  }\r\n\r\n  \/\/ Bei Eingaben und Step-Wechsel aktualisieren\r\n  $(document).on('input change', '.elementor-form :input', function(){\r\n    fillReview($(this).closest('.elementor-form'));\r\n  });\r\n  $(document).on('click', '.elementor-button-next, .elementor-button-prev', function(){\r\n    const $form = $(this).closest('.elementor-form');\r\n    setTimeout(function(){ fillReview($form); }, 50);\r\n  });\r\n\r\n  \/\/ Initial (falls direkt im letzten Step ge\u00f6ffnet)\r\n  $(window).on('load', function(){\r\n    $('.elementor-form').each(function(){ fillReview($(this)); });\r\n  });\r\n})(jQuery);\r\n<\/script><br>\t\t\t\t<\/div>\n\t\t\t\t\t<\/div>\n\t\t<\/div>\n\t\t\t\t\t<\/div>\n\t\t<\/section>\n\t\t\t\t<\/div>\n\t\t","protected":false},"excerpt":{"rendered":"<p>Tom Peters \u2013 Communicatie &amp; Design: Mijn Pad Hallo, ik ben Tom Peters \u2013 communicatie en design zijn niet alleen mijn beroep, ze vormen mijn pad.Vanaf mijn eerste stappen in grafisch ontwerp en videobewerking als tiener tot mijn studie Internationale Communicatie in Groningen ben ik gevormd door een passie voor design, taal en mensen. Vandaag de dag combineer ik creatieve idee\u00ebn met een heldere strategie om merken, projecten en verhalen zichtbaar te maken. Deze pagina vertelt mijn verhaal: hoe videogames de eerste texture packs werden, hoe discipline in het dagelijks leven en internationale ervaringen mijn perspectief verruimden \u2013 en hoe ik leerde communicatie en design niet alleen als werk te zien, maar ook als een mindset. Vroege jaren: van videogames tot grafisch ontwerp Steuere mit \u2190 \u2192 (oder per Touch) und weiche den Bl\u00f6cken aus. Punkte = \u00dcberlebenszeit. Mijn creatieve reis begon in mijn jeugd. Via videogames zoals Minecraft ontdekte ik mijn passie voor digitaal design. Om virtuele werelden mooier en persoonlijker te maken, ontwikkelde ik mijn eigen texture packs, die tot nu toe meer dan 32.000 keer zijn gedownload. Tegelijkertijd lanceerde ik mijn eerste YouTube-kanaal, waar ik mijn passie voor videobewerking en filmparafrasering ontdekte: storytelling door middel van muziek gecombineerd met gecondenseerde filmfragmenten. Mijn meest succesvolle project \u2013 een muziekbewerking van &#8220;Where is my Mind?&#8221; met meer dan 50.000 views en meer dan 800 likes \u2013 werd een keerpunt voor mij. Deze vroege ervaringen in grafisch ontwerp, storytelling en editing legden de basis voor mijn huidige pad bij Tom Peters Communication &amp; Design. Hoewel ik geen traditionele illustrator was, vond ik mijn expressie via digitale tools \u2013 en leerde ik hoe visueel ontwerp, muziek en emotie een krachtige taal kunnen cre\u00ebren. Opleiding en examen: BZTG Oldenburg en de sprong voorwaarts Mijn professionele carri\u00e8re begon in een technische richting: ik begon aan een opleiding tot mediatechnologisch printspecialist bij de BZTG Oldenburg, omdat ik de basisprincipes van communicatie en design niet alleen theoretisch maar ook praktisch wilde begrijpen \u2013 van papier en inkt tot printprocessen. Een ernstige blessure tijdens een sportwedstrijd op school dwong me echter mijn opleiding vroegtijdig te be\u00ebindigen. In plaats van dit als een tegenslag te zien, greep ik de kans aan om een nieuwe start te maken. Met een uitzonderlijk digitaal portfolio dat mijn vroege werk in design en videobewerking liet zien, wist ik indruk te maken op de mensen die verantwoordelijk waren voor de BZTG-designschool. Het examen was succesvol: ik mocht de 11e klas overslaan en direct doorstromen naar de 12e klas. Deze stap markeerde niet alleen het behalen van mijn VMBO-diploma (Fachabitur), maar ook de overgang van mijn eerste creatieve projecten naar een duidelijke, professionele richting in communicatie en design. Werken &amp; Aan het werk: DPD, Deutsche Post &amp; Duidelijkheid van Doelen Om mijn opleiding en later mijn weg naar de designschool te bekostigen, stortte ik me al op jonge leeftijd op de arbeidsmarkt. &#8217;s Middags werkte ik in het magazijn van DPD, waar ik containers laadde en fysiek zware taken uitvoerde in teamverband. In het weekend werkte ik ook als invaller voor Deutsche Post, waar ik post bezorgde in mijn regio. Om mijn verdere opleiding te bekostigen en tegelijkertijd mijn gezondheid te herstellen, nam ik al vroeg verschillende parttime banen aan. Na een ernstige blessure waarbij ik mijn been verbrijzelde, gebruikte ik mijn werk bewust als een vorm van fysiotherapie: &#8217;s Middags in het magazijn van DPD versterkte ik mijn bovenlichaam door containers te tillen en te laden. In het weekend werkte ik als invaller voor Deutsche Post, waar het dagelijkse lopen en dragen hielp om geleidelijk de kracht en stabiliteit in mijn been te herstellen. Deze fase was fysiek zwaar, maar het leerde me iets dat nog steeds mijn basis vormt: discipline, een helder doel en een goede werkhouding. Ook al lijkt het op het eerste gezicht ver af te staan van Tom Peters Communication &amp; Design, deze ervaringen hebben de basis gelegd voor mijn instelling als communicatieprofessional: doorzettingsvermogen, structuur en het vermogen om tegenslagen om te zetten in kracht. Wereldreis &amp; verandering van perspectief Na mijn tijd aan de BZTG Oldenburg wist ik al dat mijn doel Internationale Communicatie zou zijn. Voordat ik hieraan begon, wilde ik de wereld echter eerst zelf ervaren \u2013 door ontmoetingen, culturen en directe interactie met mensen. Dus begon ik mijn reis vanuit Duitsland, via Belgi\u00eb, Nederland, Engeland, Schotland en Denemarken, naar Tsjechi\u00eb, Slowakije, Hongarije, Servi\u00eb, Montenegro, Albani\u00eb en Griekenland. Vervolgens reisde ik door naar Azi\u00eb \u2013 naar de Filipijnen, Korea, Nepal en Japan. Elke stop bracht nieuwe indrukken, nieuwe contacten en een dieper begrip van de verschillende manieren waarop communicatie en cultuur worden beleefd.De COVID-19-pandemie maakte abrupt een einde aan mijn oorspronkelijk geplande route door Amerika en Afrika. Deze abrupte stop versterkte echter mijn vastberadenheid om mijn interculturele ervaringen te verdiepen, niet alleen door te reizen, maar ook academisch en professioneel. Vandaag de dag heb ik door verder reizen de grens van meer dan 40 landen overschreden \u2013 en ik heb nog steeds het gevoel dat ik veel in te halen heb, vooral in de regio&#8217;s die ik destijds niet kon bereiken. Deze ervaringen waren niet zomaar avonturen, maar een praktische training in internationale en interculturele communicatie. Ze legden de basis voor mijn latere specialisatie, die door de universiteit als mijn sterkste competentie werd beschouwd: internationale communicatie, inclusie en diversiteitsbevordering, en het vermogen om culturen te faciliteren, te vertalen en samen te brengen. Lees meer over een gast van Tom Peters in Uplengen Studies &amp; Verantwoordelijkheden: Internationale Communicatie (Hanzehogeschool) Na terugkomst van mijn wereldreis begon ik aan de studie Internationale Communicatie aan de Hanzehogeschool Groningen. De opleiding richtte zich op interculturele competentie, internationale samenwerking en strategische communicatie \u2013 thema&#8217;s die al diep in mijn hart geworteld waren door mijn eigen reiservaringen. Al snel bleek mijn eerdere praktijkervaring een pr\u00e9: functioneringsgesprekken benadrukten met name mijn vermogen om inclusie, diversiteit en culturele verschillen te begrijpen, maar deze ook actief te faciliteren en te modereren. Parallel aan mijn studie nam ik verantwoordelijkheid op me in mijn thuisregio. Ik<\/p>\n","protected":false},"author":1,"featured_media":0,"parent":2254,"menu_order":0,"comment_status":"closed","ping_status":"closed","template":"elementor_canvas","meta":{"footnotes":""},"class_list":["post-2288","page","type-page","status-publish","hentry"],"yoast_head":"<!-- This site is optimized with the Yoast SEO plugin v25.7 - https:\/\/yoast.com\/wordpress\/plugins\/seo\/ -->\n<title>Tom Peters Communicatie &amp; Design, mijn pad<\/title>\n<meta name=\"description\" content=\"Tom Peters vertelt ons over zijn reis: communicatie en design zijn passies die vandaag de dag zijn werk en projecten in de DACH-regio vormgeven.\" \/>\n<meta name=\"robots\" content=\"index, follow, max-snippet:-1, max-image-preview:large, max-video-preview:-1\" \/>\n<link rel=\"canonical\" href=\"https:\/\/peters.marketing\/nl\/over-mij\/tom-peters\/\" \/>\n<meta property=\"og:locale\" content=\"nl_NL\" \/>\n<meta property=\"og:type\" content=\"article\" \/>\n<meta property=\"og:title\" content=\"Tom Peters Communicatie &amp; Design, mijn pad\" \/>\n<meta property=\"og:description\" content=\"Tom Peters vertelt ons over zijn reis: communicatie en design zijn passies die vandaag de dag zijn werk en projecten in de DACH-regio vormgeven.\" \/>\n<meta property=\"og:url\" content=\"https:\/\/peters.marketing\/nl\/over-mij\/tom-peters\/\" \/>\n<meta property=\"og:site_name\" content=\"Webdesign, Branding &amp; AI \u2013 Peters Kommunikation &amp; Design\" \/>\n<meta property=\"article:modified_time\" content=\"2025-08-20T23:05:47+00:00\" \/>\n<meta property=\"og:image\" content=\"https:\/\/peters.marketing\/wp-content\/uploads\/2025\/08\/IMG_6996-scaled.webp\" \/>\n\t<meta property=\"og:image:width\" content=\"1920\" \/>\n\t<meta property=\"og:image:height\" content=\"1280\" \/>\n\t<meta property=\"og:image:type\" content=\"image\/webp\" \/>\n<meta name=\"twitter:card\" content=\"summary_large_image\" \/>\n<meta name=\"twitter:label1\" content=\"Geschatte leestijd\" \/>\n\t<meta name=\"twitter:data1\" content=\"13 minuten\" \/>\n<script type=\"application\/ld+json\" class=\"yoast-schema-graph\">{\"@context\":\"https:\/\/schema.org\",\"@graph\":[{\"@type\":\"WebPage\",\"@id\":\"https:\/\/peters.marketing\/nl\/over-mij\/tom-peters\/\",\"url\":\"https:\/\/peters.marketing\/nl\/over-mij\/tom-peters\/\",\"name\":\"Tom Peters Communicatie & Design, mijn pad\",\"isPartOf\":{\"@id\":\"https:\/\/peters.marketing\/nl\/#website\"},\"primaryImageOfPage\":{\"@id\":\"https:\/\/peters.marketing\/nl\/over-mij\/tom-peters\/#primaryimage\"},\"image\":{\"@id\":\"https:\/\/peters.marketing\/nl\/over-mij\/tom-peters\/#primaryimage\"},\"thumbnailUrl\":\"https:\/\/peters.marketing\/wp-content\/uploads\/2025\/08\/IMG_6996-1024x683.jpg\",\"datePublished\":\"2025-08-18T20:40:40+00:00\",\"dateModified\":\"2025-08-20T23:05:47+00:00\",\"description\":\"Tom Peters vertelt ons over zijn reis: communicatie en design zijn passies die vandaag de dag zijn werk en projecten in de DACH-regio vormgeven.\",\"breadcrumb\":{\"@id\":\"https:\/\/peters.marketing\/nl\/over-mij\/tom-peters\/#breadcrumb\"},\"inLanguage\":\"nl-NL\",\"potentialAction\":[{\"@type\":\"ReadAction\",\"target\":[\"https:\/\/peters.marketing\/nl\/over-mij\/tom-peters\/\"]}]},{\"@type\":\"ImageObject\",\"inLanguage\":\"nl-NL\",\"@id\":\"https:\/\/peters.marketing\/nl\/over-mij\/tom-peters\/#primaryimage\",\"url\":\"https:\/\/peters.marketing\/wp-content\/uploads\/2025\/08\/IMG_6996-1024x683.jpg\",\"contentUrl\":\"https:\/\/peters.marketing\/wp-content\/uploads\/2025\/08\/IMG_6996-1024x683.jpg\"},{\"@type\":\"BreadcrumbList\",\"@id\":\"https:\/\/peters.marketing\/nl\/over-mij\/tom-peters\/#breadcrumb\",\"itemListElement\":[{\"@type\":\"ListItem\",\"position\":1,\"name\":\"Startseite\",\"item\":\"https:\/\/peters.marketing\/nl\/\"},{\"@type\":\"ListItem\",\"position\":2,\"name\":\"Over Mij\",\"item\":\"https:\/\/peters.marketing\/nl\/ueber-mich\/\"},{\"@type\":\"ListItem\",\"position\":3,\"name\":\"Tom Peters\"}]},{\"@type\":\"WebSite\",\"@id\":\"https:\/\/peters.marketing\/nl\/#website\",\"url\":\"https:\/\/peters.marketing\/nl\/\",\"name\":\"Webdesign, Branding &amp; AI \u2013 Peters Kommunikation &amp; Design\",\"description\":\"L\u00f6sungen &amp; Market Entry Strategies f\u00fcr KMU, Startups und Unternehmen. Kreativ, modern, international.\",\"publisher\":{\"@id\":\"https:\/\/peters.marketing\/nl\/#organization\"},\"potentialAction\":[{\"@type\":\"SearchAction\",\"target\":{\"@type\":\"EntryPoint\",\"urlTemplate\":\"https:\/\/peters.marketing\/nl\/?s={search_term_string}\"},\"query-input\":{\"@type\":\"PropertyValueSpecification\",\"valueRequired\":true,\"valueName\":\"search_term_string\"}}],\"inLanguage\":\"nl-NL\"},{\"@type\":\"Organization\",\"@id\":\"https:\/\/peters.marketing\/nl\/#organization\",\"name\":\"Webdesign, Branding &amp; AI \u2013 Peters Kommunikation &amp; Design\",\"url\":\"https:\/\/peters.marketing\/nl\/\",\"logo\":{\"@type\":\"ImageObject\",\"inLanguage\":\"nl-NL\",\"@id\":\"https:\/\/peters.marketing\/nl\/#\/schema\/logo\/image\/\",\"url\":\"https:\/\/peters.marketing\/wp-content\/uploads\/2025\/08\/Logo-2-Blau.png\",\"contentUrl\":\"https:\/\/peters.marketing\/wp-content\/uploads\/2025\/08\/Logo-2-Blau.png\",\"width\":2366,\"height\":707,\"caption\":\"Webdesign, Branding &amp; AI \u2013 Peters Kommunikation &amp; Design\"},\"image\":{\"@id\":\"https:\/\/peters.marketing\/nl\/#\/schema\/logo\/image\/\"}}]}<\/script>\n<!-- \/ Yoast SEO plugin. -->","yoast_head_json":{"title":"Tom Peters Communicatie & Design, mijn pad","description":"Tom Peters vertelt ons over zijn reis: communicatie en design zijn passies die vandaag de dag zijn werk en projecten in de DACH-regio vormgeven.","robots":{"index":"index","follow":"follow","max-snippet":"max-snippet:-1","max-image-preview":"max-image-preview:large","max-video-preview":"max-video-preview:-1"},"canonical":"https:\/\/peters.marketing\/nl\/over-mij\/tom-peters\/","og_locale":"nl_NL","og_type":"article","og_title":"Tom Peters Communicatie & Design, mijn pad","og_description":"Tom Peters vertelt ons over zijn reis: communicatie en design zijn passies die vandaag de dag zijn werk en projecten in de DACH-regio vormgeven.","og_url":"https:\/\/peters.marketing\/nl\/over-mij\/tom-peters\/","og_site_name":"Webdesign, Branding &amp; AI \u2013 Peters Kommunikation &amp; Design","article_modified_time":"2025-08-20T23:05:47+00:00","og_image":[{"width":1920,"height":1280,"url":"https:\/\/peters.marketing\/wp-content\/uploads\/2025\/08\/IMG_6996-scaled.webp","type":"image\/webp"}],"twitter_card":"summary_large_image","twitter_misc":{"Geschatte leestijd":"13 minuten"},"schema":{"@context":"https:\/\/schema.org","@graph":[{"@type":"WebPage","@id":"https:\/\/peters.marketing\/nl\/over-mij\/tom-peters\/","url":"https:\/\/peters.marketing\/nl\/over-mij\/tom-peters\/","name":"Tom Peters Communicatie & Design, mijn pad","isPartOf":{"@id":"https:\/\/peters.marketing\/nl\/#website"},"primaryImageOfPage":{"@id":"https:\/\/peters.marketing\/nl\/over-mij\/tom-peters\/#primaryimage"},"image":{"@id":"https:\/\/peters.marketing\/nl\/over-mij\/tom-peters\/#primaryimage"},"thumbnailUrl":"https:\/\/peters.marketing\/wp-content\/uploads\/2025\/08\/IMG_6996-1024x683.jpg","datePublished":"2025-08-18T20:40:40+00:00","dateModified":"2025-08-20T23:05:47+00:00","description":"Tom Peters vertelt ons over zijn reis: communicatie en design zijn passies die vandaag de dag zijn werk en projecten in de DACH-regio vormgeven.","breadcrumb":{"@id":"https:\/\/peters.marketing\/nl\/over-mij\/tom-peters\/#breadcrumb"},"inLanguage":"nl-NL","potentialAction":[{"@type":"ReadAction","target":["https:\/\/peters.marketing\/nl\/over-mij\/tom-peters\/"]}]},{"@type":"ImageObject","inLanguage":"nl-NL","@id":"https:\/\/peters.marketing\/nl\/over-mij\/tom-peters\/#primaryimage","url":"https:\/\/peters.marketing\/wp-content\/uploads\/2025\/08\/IMG_6996-1024x683.jpg","contentUrl":"https:\/\/peters.marketing\/wp-content\/uploads\/2025\/08\/IMG_6996-1024x683.jpg"},{"@type":"BreadcrumbList","@id":"https:\/\/peters.marketing\/nl\/over-mij\/tom-peters\/#breadcrumb","itemListElement":[{"@type":"ListItem","position":1,"name":"Startseite","item":"https:\/\/peters.marketing\/nl\/"},{"@type":"ListItem","position":2,"name":"Over Mij","item":"https:\/\/peters.marketing\/nl\/ueber-mich\/"},{"@type":"ListItem","position":3,"name":"Tom Peters"}]},{"@type":"WebSite","@id":"https:\/\/peters.marketing\/nl\/#website","url":"https:\/\/peters.marketing\/nl\/","name":"Webdesign, Branding &amp; AI \u2013 Peters Kommunikation &amp; Design","description":"L\u00f6sungen &amp; Market Entry Strategies f\u00fcr KMU, Startups und Unternehmen. Kreativ, modern, international.","publisher":{"@id":"https:\/\/peters.marketing\/nl\/#organization"},"potentialAction":[{"@type":"SearchAction","target":{"@type":"EntryPoint","urlTemplate":"https:\/\/peters.marketing\/nl\/?s={search_term_string}"},"query-input":{"@type":"PropertyValueSpecification","valueRequired":true,"valueName":"search_term_string"}}],"inLanguage":"nl-NL"},{"@type":"Organization","@id":"https:\/\/peters.marketing\/nl\/#organization","name":"Webdesign, Branding &amp; AI \u2013 Peters Kommunikation &amp; Design","url":"https:\/\/peters.marketing\/nl\/","logo":{"@type":"ImageObject","inLanguage":"nl-NL","@id":"https:\/\/peters.marketing\/nl\/#\/schema\/logo\/image\/","url":"https:\/\/peters.marketing\/wp-content\/uploads\/2025\/08\/Logo-2-Blau.png","contentUrl":"https:\/\/peters.marketing\/wp-content\/uploads\/2025\/08\/Logo-2-Blau.png","width":2366,"height":707,"caption":"Webdesign, Branding &amp; AI \u2013 Peters Kommunikation &amp; Design"},"image":{"@id":"https:\/\/peters.marketing\/nl\/#\/schema\/logo\/image\/"}}]}},"_links":{"self":[{"href":"https:\/\/peters.marketing\/nl\/wp-json\/wp\/v2\/pages\/2288","targetHints":{"allow":["GET"]}}],"collection":[{"href":"https:\/\/peters.marketing\/nl\/wp-json\/wp\/v2\/pages"}],"about":[{"href":"https:\/\/peters.marketing\/nl\/wp-json\/wp\/v2\/types\/page"}],"author":[{"embeddable":true,"href":"https:\/\/peters.marketing\/nl\/wp-json\/wp\/v2\/users\/1"}],"replies":[{"embeddable":true,"href":"https:\/\/peters.marketing\/nl\/wp-json\/wp\/v2\/comments?post=2288"}],"version-history":[{"count":5,"href":"https:\/\/peters.marketing\/nl\/wp-json\/wp\/v2\/pages\/2288\/revisions"}],"predecessor-version":[{"id":2338,"href":"https:\/\/peters.marketing\/nl\/wp-json\/wp\/v2\/pages\/2288\/revisions\/2338"}],"up":[{"embeddable":true,"href":"https:\/\/peters.marketing\/nl\/wp-json\/wp\/v2\/pages\/2254"}],"wp:attachment":[{"href":"https:\/\/peters.marketing\/nl\/wp-json\/wp\/v2\/media?parent=2288"}],"curies":[{"name":"wp","href":"https:\/\/api.w.org\/{rel}","templated":true}]}}